{"id":638,"date":"2023-06-23T13:49:10","date_gmt":"2023-06-23T13:49:10","guid":{"rendered":"https:\/\/www.lafiracentrecomercial.com\/actualidad-sin-filtros\/"},"modified":"2025-06-09T07:09:16","modified_gmt":"2025-06-09T07:09:16","slug":"actualitat-2","status":"publish","type":"page","link":"https:\/\/www.lafiracentrecomercial.com\/ca\/actualitat-2\/","title":{"rendered":"Actualitat"},"content":{"rendered":"\t\t<div data-elementor-type=\"wp-page\" data-elementor-id=\"638\" class=\"elementor elementor-638\">\n\t\t\t\t\t\t<section class=\"elementor-section elementor-top-section elementor-element elementor-element-13a0df17 elementor-section-stretched elementor-section-full_width elementor-section-height-default elementor-section-height-default\" data-id=\"13a0df17\" data-element_type=\"section\" data-e-type=\"section\" data-settings=\"{&quot;stretch_section&quot;:&quot;section-stretched&quot;,&quot;background_background&quot;:&quot;classic&quot;}\">\n\t\t\t\t\t\t<div class=\"elementor-container elementor-column-gap-wider\">\n\t\t\t\t\t<div class=\"elementor-column elementor-col-100 elementor-top-column elementor-element elementor-element-195308de\" data-id=\"195308de\" data-element_type=\"column\" data-e-type=\"column\">\n\t\t\t<div class=\"elementor-widget-wrap elementor-element-populated\">\n\t\t\t\t\t\t<section class=\"elementor-section elementor-inner-section elementor-element elementor-element-22328b03 elementor-section-boxed elementor-section-height-default elementor-section-height-default\" data-id=\"22328b03\" data-element_type=\"section\" data-e-type=\"section\">\n\t\t\t\t\t\t<div class=\"elementor-container elementor-column-gap-default\">\n\t\t\t\t\t<div class=\"elementor-column elementor-col-100 elementor-inner-column elementor-element elementor-element-65bf5491\" data-id=\"65bf5491\" data-element_type=\"column\" data-e-type=\"column\">\n\t\t\t<div class=\"elementor-widget-wrap elementor-element-populated\">\n\t\t\t\t\t\t<div class=\"elementor-element elementor-element-244416b9 elementor-widget elementor-widget-heading\" data-id=\"244416b9\" data-element_type=\"widget\" data-e-type=\"widget\" data-widget_type=\"heading.default\">\n\t\t\t\t<div class=\"elementor-widget-container\">\n\t\t\t\t\t<h1 class=\"elementor-heading-title elementor-size-default\">Actualitat<\/h1>\t\t\t\t<\/div>\n\t\t\t\t<\/div>\n\t\t\t\t\t<\/div>\n\t\t<\/div>\n\t\t\t\t\t<\/div>\n\t\t<\/section>\n\t\t\t\t\t<\/div>\n\t\t<\/div>\n\t\t\t\t\t<\/div>\n\t\t<\/section>\n\t\t\t\t<section class=\"elementor-section elementor-top-section elementor-element elementor-element-389cc468 elementor-section-stretched elementor-section-boxed elementor-section-height-default elementor-section-height-default\" data-id=\"389cc468\" data-element_type=\"section\" data-e-type=\"section\" data-settings=\"{&quot;stretch_section&quot;:&quot;section-stretched&quot;}\">\n\t\t\t\t\t\t<div class=\"elementor-container elementor-column-gap-wider\">\n\t\t\t\t\t<div class=\"elementor-column elementor-col-100 elementor-top-column elementor-element elementor-element-7be62e80\" data-id=\"7be62e80\" data-element_type=\"column\" data-e-type=\"column\">\n\t\t\t<div class=\"elementor-widget-wrap elementor-element-populated\">\n\t\t\t\t\t\t<section class=\"elementor-section elementor-inner-section elementor-element elementor-element-3db84672 elementor-section-boxed elementor-section-height-default elementor-section-height-default\" data-id=\"3db84672\" data-element_type=\"section\" data-e-type=\"section\">\n\t\t\t\t\t\t<div class=\"elementor-container elementor-column-gap-default\">\n\t\t\t\t\t<div class=\"elementor-column elementor-col-100 elementor-inner-column elementor-element elementor-element-3caae546\" data-id=\"3caae546\" data-element_type=\"column\" data-e-type=\"column\">\n\t\t\t<div class=\"elementor-widget-wrap elementor-element-populated\">\n\t\t\t\t\t\t<div class=\"elementor-element elementor-element-da797a6 elementor-widget__width-initial elementor-widget elementor-widget-heading\" data-id=\"da797a6\" data-element_type=\"widget\" data-e-type=\"widget\" data-widget_type=\"heading.default\">\n\t\t\t\t<div class=\"elementor-widget-container\">\n\t\t\t\t\t<h3 class=\"elementor-heading-title elementor-size-default\">\u00daltimes not\u00edcies sobre La Fira<\/h3>\t\t\t\t<\/div>\n\t\t\t\t<\/div>\n\t\t\t\t\t<\/div>\n\t\t<\/div>\n\t\t\t\t\t<\/div>\n\t\t<\/section>\n\t\t\t\t<div class=\"elementor-element elementor-element-bf4a612 e-transform elementor-widget elementor-widget-mfn_blog\" data-id=\"bf4a612\" data-element_type=\"widget\" data-e-type=\"widget\" data-settings=\"{&quot;_transform_rotateZ_effect_hover&quot;:{&quot;unit&quot;:&quot;px&quot;,&quot;size&quot;:&quot;&quot;,&quot;sizes&quot;:[]},&quot;_transform_rotateZ_effect_hover_tablet&quot;:{&quot;unit&quot;:&quot;deg&quot;,&quot;size&quot;:&quot;&quot;,&quot;sizes&quot;:[]},&quot;_transform_rotateZ_effect_hover_mobile&quot;:{&quot;unit&quot;:&quot;deg&quot;,&quot;size&quot;:&quot;&quot;,&quot;sizes&quot;:[]}}\" data-widget_type=\"mfn_blog.default\">\n\t\t\t\t<div class=\"elementor-widget-container\">\n\t\t\t\t\t<div class=\"column_filters\"><div class=\"blog_wrapper isotope_wrapper clearfix\"><div class=\"posts_group lm_wrapper element_classes col-3 grid hide-more\"><article class=\"post post-item isotope-item clearfix category-116 post-8295 type-post status-publish format-standard has-post-thumbnail hentry category-sin-categorizar-2\" style=\"\"><div class=\"date_label\">16 d&#039;abril de 2026<\/div><div class=\"image_frame post-photo-wrapper scale-with-grid image\"><div class=\"image_wrapper\"><a href=\"https:\/\/www.lafiracentrecomercial.com\/ca\/la-fira-acull-la-presentacio-de-la-caminada-solidaria-swim-for-ela-2026\/\"><div class=\"mask\"><\/div><img fetchpriority=\"high\" decoding=\"async\" width=\"640\" height=\"348\" src=\"https:\/\/www.lafiracentrecomercial.com\/wp-content\/uploads\/2026\/04\/SWIM-ELA-0.webp\" class=\"scale-with-grid wp-post-image\" alt=\"\" srcset=\"https:\/\/www.lafiracentrecomercial.com\/wp-content\/uploads\/2026\/04\/SWIM-ELA-0.webp 640w, https:\/\/www.lafiracentrecomercial.com\/wp-content\/uploads\/2026\/04\/SWIM-ELA-0-500x272.webp 500w, https:\/\/www.lafiracentrecomercial.com\/wp-content\/uploads\/2026\/04\/SWIM-ELA-0-300x163.webp 300w, https:\/\/www.lafiracentrecomercial.com\/wp-content\/uploads\/2026\/04\/SWIM-ELA-0-138x75.webp 138w, https:\/\/www.lafiracentrecomercial.com\/wp-content\/uploads\/2026\/04\/SWIM-ELA-0-480x261.webp 480w\" sizes=\"(max-width:767px) 480px, 640px\" \/><\/a><div class=\"image_links double\"><a class=\"zoom tooltip\" data-tooltip=\"Zoom\" data-position=\"left\" rel=\"prettyphoto\" href=\"https:\/\/www.lafiracentrecomercial.com\/wp-content\/uploads\/2026\/04\/SWIM-ELA-0.webp\"><svg viewBox=\"0 0 26 26\"><defs><style>.path{fill:none;stroke:#333;stroke-miterlimit:10;stroke-width:1.5px;}<\/style><\/defs><circle cx=\"11.35\" cy=\"11.35\" r=\"6\" class=\"path\"><\/circle><line x1=\"15.59\" y1=\"15.59\" x2=\"20.65\" y2=\"20.65\" class=\"path\"><\/line><\/svg><\/a><a class=\"link tooltip\" data-tooltip=\"Details\" data-position=\"left\" href=\"https:\/\/www.lafiracentrecomercial.com\/ca\/la-fira-acull-la-presentacio-de-la-caminada-solidaria-swim-for-ela-2026\/\"><svg viewBox=\"0 0 26 26\"><defs><style>.path{fill:none;stroke:#333;stroke-miterlimit:10;stroke-width:1.5px;}<\/style><\/defs><g><path d=\"M10.17,8.76l2.12-2.12a5,5,0,0,1,7.07,0h0a5,5,0,0,1,0,7.07l-2.12,2.12\" class=\"path\"><\/path><path d=\"M15.83,17.24l-2.12,2.12a5,5,0,0,1-7.07,0h0a5,5,0,0,1,0-7.07l2.12-2.12\" class=\"path\"><\/path><line x1=\"10.17\" y1=\"15.83\" x2=\"15.83\" y2=\"10.17\" class=\"path\"><\/line><\/g><\/svg><\/a><\/div><\/div><\/div><div class=\"post-desc-wrapper bg- has-custom-bg\" style=\"\"><div class=\"post-desc\"><div class=\"post-head\"><div class=\"post-meta clearfix\"><div class=\"author-date\"><span class=\"date\"><i class=\"icon-clock\"><\/i> <span class=\"post-date updated\">16 d&#039;abril de 2026<\/span><\/span><\/div><\/div><\/div><div class=\"post-title\"><h4 class=\"entry-title \" itemprop=\"headline\"><a href=\"https:\/\/www.lafiracentrecomercial.com\/ca\/la-fira-acull-la-presentacio-de-la-caminada-solidaria-swim-for-ela-2026\/\">La Fira acull la presentaci\u00f3 de la Caminada Solid\u00e0ria Swim for ELA 2026<\/a><\/h4><\/div><\/div><\/div><\/article><article class=\"post post-item isotope-item clearfix category-116 post-8289 type-post status-publish format-standard has-post-thumbnail hentry category-sin-categorizar-2\" style=\"\"><div class=\"date_label\">14 d&#039;abril de 2026<\/div><div class=\"image_frame post-photo-wrapper scale-with-grid image\"><div class=\"image_wrapper\"><a href=\"https:\/\/www.lafiracentrecomercial.com\/ca\/egames-a-la-fira-videojocs-tornejos-i-la-millor-experiencia-gaming\/\"><div class=\"mask\"><\/div><img decoding=\"async\" width=\"640\" height=\"348\" src=\"https:\/\/www.lafiracentrecomercial.com\/wp-content\/uploads\/2026\/04\/AECS-CAT.webp\" class=\"scale-with-grid wp-post-image\" alt=\"\" srcset=\"https:\/\/www.lafiracentrecomercial.com\/wp-content\/uploads\/2026\/04\/AECS-CAT.webp 640w, https:\/\/www.lafiracentrecomercial.com\/wp-content\/uploads\/2026\/04\/AECS-CAT-500x272.webp 500w, https:\/\/www.lafiracentrecomercial.com\/wp-content\/uploads\/2026\/04\/AECS-CAT-300x163.webp 300w, https:\/\/www.lafiracentrecomercial.com\/wp-content\/uploads\/2026\/04\/AECS-CAT-138x75.webp 138w, https:\/\/www.lafiracentrecomercial.com\/wp-content\/uploads\/2026\/04\/AECS-CAT-480x261.webp 480w\" sizes=\"(max-width:767px) 480px, 640px\" \/><\/a><div class=\"image_links double\"><a class=\"zoom tooltip\" data-tooltip=\"Zoom\" data-position=\"left\" rel=\"prettyphoto\" href=\"https:\/\/www.lafiracentrecomercial.com\/wp-content\/uploads\/2026\/04\/AECS-CAT.webp\"><svg viewBox=\"0 0 26 26\"><defs><style>.path{fill:none;stroke:#333;stroke-miterlimit:10;stroke-width:1.5px;}<\/style><\/defs><circle cx=\"11.35\" cy=\"11.35\" r=\"6\" class=\"path\"><\/circle><line x1=\"15.59\" y1=\"15.59\" x2=\"20.65\" y2=\"20.65\" class=\"path\"><\/line><\/svg><\/a><a class=\"link tooltip\" data-tooltip=\"Details\" data-position=\"left\" href=\"https:\/\/www.lafiracentrecomercial.com\/ca\/egames-a-la-fira-videojocs-tornejos-i-la-millor-experiencia-gaming\/\"><svg viewBox=\"0 0 26 26\"><defs><style>.path{fill:none;stroke:#333;stroke-miterlimit:10;stroke-width:1.5px;}<\/style><\/defs><g><path d=\"M10.17,8.76l2.12-2.12a5,5,0,0,1,7.07,0h0a5,5,0,0,1,0,7.07l-2.12,2.12\" class=\"path\"><\/path><path d=\"M15.83,17.24l-2.12,2.12a5,5,0,0,1-7.07,0h0a5,5,0,0,1,0-7.07l2.12-2.12\" class=\"path\"><\/path><line x1=\"10.17\" y1=\"15.83\" x2=\"15.83\" y2=\"10.17\" class=\"path\"><\/line><\/g><\/svg><\/a><\/div><\/div><\/div><div class=\"post-desc-wrapper bg- has-custom-bg\" style=\"\"><div class=\"post-desc\"><div class=\"post-head\"><div class=\"post-meta clearfix\"><div class=\"author-date\"><span class=\"date\"><i class=\"icon-clock\"><\/i> <span class=\"post-date updated\">14 d&#039;abril de 2026<\/span><\/span><\/div><\/div><\/div><div class=\"post-title\"><h4 class=\"entry-title \" itemprop=\"headline\"><a href=\"https:\/\/www.lafiracentrecomercial.com\/ca\/egames-a-la-fira-videojocs-tornejos-i-la-millor-experiencia-gaming\/\">EGAMES a La Fira: videojocs, tornejos i la millor experi\u00e8ncia gaming<\/a><\/h4><\/div><\/div><\/div><\/article><article class=\"post post-item isotope-item clearfix category-116 post-8151 type-post status-publish format-standard has-post-thumbnail hentry category-sin-categorizar-2\" style=\"\"><div class=\"date_label\">3 d&#039;abril de 2026<\/div><div class=\"image_frame post-photo-wrapper scale-with-grid image\"><div class=\"image_wrapper\"><a href=\"https:\/\/www.lafiracentrecomercial.com\/ca\/la-fira-un-centre-comercial-accessible-per-a-persones-amb-autisme\/\"><div class=\"mask\"><\/div><img decoding=\"async\" width=\"640\" height=\"348\" src=\"https:\/\/www.lafiracentrecomercial.com\/wp-content\/uploads\/2026\/04\/Autismo.webp\" class=\"scale-with-grid wp-post-image\" alt=\"Supera&#039;t\" srcset=\"https:\/\/www.lafiracentrecomercial.com\/wp-content\/uploads\/2026\/04\/Autismo.webp 640w, https:\/\/www.lafiracentrecomercial.com\/wp-content\/uploads\/2026\/04\/Autismo-500x272.webp 500w, https:\/\/www.lafiracentrecomercial.com\/wp-content\/uploads\/2026\/04\/Autismo-300x163.webp 300w, https:\/\/www.lafiracentrecomercial.com\/wp-content\/uploads\/2026\/04\/Autismo-138x75.webp 138w, https:\/\/www.lafiracentrecomercial.com\/wp-content\/uploads\/2026\/04\/Autismo-480x261.webp 480w\" sizes=\"(max-width:767px) 480px, 640px\" \/><\/a><div class=\"image_links double\"><a class=\"zoom tooltip\" data-tooltip=\"Zoom\" data-position=\"left\" rel=\"prettyphoto\" href=\"https:\/\/www.lafiracentrecomercial.com\/wp-content\/uploads\/2026\/04\/Autismo.webp\"><svg viewBox=\"0 0 26 26\"><defs><style>.path{fill:none;stroke:#333;stroke-miterlimit:10;stroke-width:1.5px;}<\/style><\/defs><circle cx=\"11.35\" cy=\"11.35\" r=\"6\" class=\"path\"><\/circle><line x1=\"15.59\" y1=\"15.59\" x2=\"20.65\" y2=\"20.65\" class=\"path\"><\/line><\/svg><\/a><a class=\"link tooltip\" data-tooltip=\"Details\" data-position=\"left\" href=\"https:\/\/www.lafiracentrecomercial.com\/ca\/la-fira-un-centre-comercial-accessible-per-a-persones-amb-autisme\/\"><svg viewBox=\"0 0 26 26\"><defs><style>.path{fill:none;stroke:#333;stroke-miterlimit:10;stroke-width:1.5px;}<\/style><\/defs><g><path d=\"M10.17,8.76l2.12-2.12a5,5,0,0,1,7.07,0h0a5,5,0,0,1,0,7.07l-2.12,2.12\" class=\"path\"><\/path><path d=\"M15.83,17.24l-2.12,2.12a5,5,0,0,1-7.07,0h0a5,5,0,0,1,0-7.07l2.12-2.12\" class=\"path\"><\/path><line x1=\"10.17\" y1=\"15.83\" x2=\"15.83\" y2=\"10.17\" class=\"path\"><\/line><\/g><\/svg><\/a><\/div><\/div><\/div><div class=\"post-desc-wrapper bg- has-custom-bg\" style=\"\"><div class=\"post-desc\"><div class=\"post-head\"><div class=\"post-meta clearfix\"><div class=\"author-date\"><span class=\"date\"><i class=\"icon-clock\"><\/i> <span class=\"post-date updated\">3 d&#039;abril de 2026<\/span><\/span><\/div><\/div><\/div><div class=\"post-title\"><h4 class=\"entry-title \" itemprop=\"headline\"><a href=\"https:\/\/www.lafiracentrecomercial.com\/ca\/la-fira-un-centre-comercial-accessible-per-a-persones-amb-autisme\/\">La Fira, un centre comercial accessible per a persones amb autisme<\/a><\/h4><\/div><\/div><\/div><\/article><article class=\"post post-item isotope-item clearfix category-116 post-8051 type-post status-publish format-standard has-post-thumbnail hentry category-sin-categorizar-2\" style=\"\"><div class=\"date_label\">26 de mar\u00e7 de 2026<\/div><div class=\"image_frame post-photo-wrapper scale-with-grid image\"><div class=\"image_wrapper\"><a href=\"https:\/\/www.lafiracentrecomercial.com\/ca\/joves-de-down-tarragona-fan-practiques-laborals-a-la-fira-centre-comercial\/\"><div class=\"mask\"><\/div><img loading=\"lazy\" decoding=\"async\" width=\"640\" height=\"348\" src=\"https:\/\/www.lafiracentrecomercial.com\/wp-content\/uploads\/2026\/03\/Sindrome.webp\" class=\"scale-with-grid wp-post-image\" alt=\"Joves de Down\" srcset=\"https:\/\/www.lafiracentrecomercial.com\/wp-content\/uploads\/2026\/03\/Sindrome.webp 640w, https:\/\/www.lafiracentrecomercial.com\/wp-content\/uploads\/2026\/03\/Sindrome-500x272.webp 500w, https:\/\/www.lafiracentrecomercial.com\/wp-content\/uploads\/2026\/03\/Sindrome-300x163.webp 300w, https:\/\/www.lafiracentrecomercial.com\/wp-content\/uploads\/2026\/03\/Sindrome-138x75.webp 138w, https:\/\/www.lafiracentrecomercial.com\/wp-content\/uploads\/2026\/03\/Sindrome-480x261.webp 480w\" sizes=\"(max-width:767px) 480px, 640px\" \/><\/a><div class=\"image_links double\"><a class=\"zoom tooltip\" data-tooltip=\"Zoom\" data-position=\"left\" rel=\"prettyphoto\" href=\"https:\/\/www.lafiracentrecomercial.com\/wp-content\/uploads\/2026\/03\/Sindrome.webp\"><svg viewBox=\"0 0 26 26\"><defs><style>.path{fill:none;stroke:#333;stroke-miterlimit:10;stroke-width:1.5px;}<\/style><\/defs><circle cx=\"11.35\" cy=\"11.35\" r=\"6\" class=\"path\"><\/circle><line x1=\"15.59\" y1=\"15.59\" x2=\"20.65\" y2=\"20.65\" class=\"path\"><\/line><\/svg><\/a><a class=\"link tooltip\" data-tooltip=\"Details\" data-position=\"left\" href=\"https:\/\/www.lafiracentrecomercial.com\/ca\/joves-de-down-tarragona-fan-practiques-laborals-a-la-fira-centre-comercial\/\"><svg viewBox=\"0 0 26 26\"><defs><style>.path{fill:none;stroke:#333;stroke-miterlimit:10;stroke-width:1.5px;}<\/style><\/defs><g><path d=\"M10.17,8.76l2.12-2.12a5,5,0,0,1,7.07,0h0a5,5,0,0,1,0,7.07l-2.12,2.12\" class=\"path\"><\/path><path d=\"M15.83,17.24l-2.12,2.12a5,5,0,0,1-7.07,0h0a5,5,0,0,1,0-7.07l2.12-2.12\" class=\"path\"><\/path><line x1=\"10.17\" y1=\"15.83\" x2=\"15.83\" y2=\"10.17\" class=\"path\"><\/line><\/g><\/svg><\/a><\/div><\/div><\/div><div class=\"post-desc-wrapper bg- has-custom-bg\" style=\"\"><div class=\"post-desc\"><div class=\"post-head\"><div class=\"post-meta clearfix\"><div class=\"author-date\"><span class=\"date\"><i class=\"icon-clock\"><\/i> <span class=\"post-date updated\">26 de mar\u00e7 de 2026<\/span><\/span><\/div><\/div><\/div><div class=\"post-title\"><h4 class=\"entry-title \" itemprop=\"headline\"><a href=\"https:\/\/www.lafiracentrecomercial.com\/ca\/joves-de-down-tarragona-fan-practiques-laborals-a-la-fira-centre-comercial\/\">Joves de Down Tarragona fan pr\u00e0ctiques laborals a La Fira Centre Comercial<\/a><\/h4><\/div><\/div><\/div><\/article><article class=\"post post-item isotope-item clearfix category-116 post-7977 type-post status-publish format-standard has-post-thumbnail hentry category-sin-categorizar-2\" style=\"\"><div class=\"date_label\">11 de mar\u00e7 de 2026<\/div><div class=\"image_frame post-photo-wrapper scale-with-grid image\"><div class=\"image_wrapper\"><a href=\"https:\/\/www.lafiracentrecomercial.com\/ca\/la-fira-registra-el-febrer-amb-mes-visitants-de-la-seva-historia\/\"><div class=\"mask\"><\/div><img loading=\"lazy\" decoding=\"async\" width=\"640\" height=\"348\" src=\"https:\/\/www.lafiracentrecomercial.com\/wp-content\/uploads\/2026\/03\/CC-La-Fira-Silicius.webp\" class=\"scale-with-grid wp-post-image\" alt=\"\" srcset=\"https:\/\/www.lafiracentrecomercial.com\/wp-content\/uploads\/2026\/03\/CC-La-Fira-Silicius.webp 640w, https:\/\/www.lafiracentrecomercial.com\/wp-content\/uploads\/2026\/03\/CC-La-Fira-Silicius-500x272.webp 500w, https:\/\/www.lafiracentrecomercial.com\/wp-content\/uploads\/2026\/03\/CC-La-Fira-Silicius-300x163.webp 300w, https:\/\/www.lafiracentrecomercial.com\/wp-content\/uploads\/2026\/03\/CC-La-Fira-Silicius-138x75.webp 138w, https:\/\/www.lafiracentrecomercial.com\/wp-content\/uploads\/2026\/03\/CC-La-Fira-Silicius-480x261.webp 480w\" sizes=\"(max-width:767px) 480px, 640px\" \/><\/a><div class=\"image_links double\"><a class=\"zoom tooltip\" data-tooltip=\"Zoom\" data-position=\"left\" rel=\"prettyphoto\" href=\"https:\/\/www.lafiracentrecomercial.com\/wp-content\/uploads\/2026\/03\/CC-La-Fira-Silicius.webp\"><svg viewBox=\"0 0 26 26\"><defs><style>.path{fill:none;stroke:#333;stroke-miterlimit:10;stroke-width:1.5px;}<\/style><\/defs><circle cx=\"11.35\" cy=\"11.35\" r=\"6\" class=\"path\"><\/circle><line x1=\"15.59\" y1=\"15.59\" x2=\"20.65\" y2=\"20.65\" class=\"path\"><\/line><\/svg><\/a><a class=\"link tooltip\" data-tooltip=\"Details\" data-position=\"left\" href=\"https:\/\/www.lafiracentrecomercial.com\/ca\/la-fira-registra-el-febrer-amb-mes-visitants-de-la-seva-historia\/\"><svg viewBox=\"0 0 26 26\"><defs><style>.path{fill:none;stroke:#333;stroke-miterlimit:10;stroke-width:1.5px;}<\/style><\/defs><g><path d=\"M10.17,8.76l2.12-2.12a5,5,0,0,1,7.07,0h0a5,5,0,0,1,0,7.07l-2.12,2.12\" class=\"path\"><\/path><path d=\"M15.83,17.24l-2.12,2.12a5,5,0,0,1-7.07,0h0a5,5,0,0,1,0-7.07l2.12-2.12\" class=\"path\"><\/path><line x1=\"10.17\" y1=\"15.83\" x2=\"15.83\" y2=\"10.17\" class=\"path\"><\/line><\/g><\/svg><\/a><\/div><\/div><\/div><div class=\"post-desc-wrapper bg- has-custom-bg\" style=\"\"><div class=\"post-desc\"><div class=\"post-head\"><div class=\"post-meta clearfix\"><div class=\"author-date\"><span class=\"date\"><i class=\"icon-clock\"><\/i> <span class=\"post-date updated\">11 de mar\u00e7 de 2026<\/span><\/span><\/div><\/div><\/div><div class=\"post-title\"><h4 class=\"entry-title \" itemprop=\"headline\"><a href=\"https:\/\/www.lafiracentrecomercial.com\/ca\/la-fira-registra-el-febrer-amb-mes-visitants-de-la-seva-historia\/\">La Fira registra el febrer amb m\u00e9s visitants de la seva hist\u00f2ria<\/a><\/h4><\/div><\/div><\/div><\/article><article class=\"post post-item isotope-item clearfix category-116 post-7961 type-post status-publish format-standard has-post-thumbnail hentry category-sin-categorizar-2\" style=\"\"><div class=\"date_label\">9 de mar\u00e7 de 2026<\/div><div class=\"image_frame post-photo-wrapper scale-with-grid image\"><div class=\"image_wrapper\"><a href=\"https:\/\/www.lafiracentrecomercial.com\/ca\/la-chewe-quedada-arriba-a-la-fira-influencers-activitats-i-torneig-pokemon-tcg\/\"><div class=\"mask\"><\/div><img loading=\"lazy\" decoding=\"async\" width=\"640\" height=\"348\" src=\"https:\/\/www.lafiracentrecomercial.com\/wp-content\/uploads\/2026\/03\/Chewe-CAT.webp\" class=\"scale-with-grid wp-post-image\" alt=\"Poke Chewe\" srcset=\"https:\/\/www.lafiracentrecomercial.com\/wp-content\/uploads\/2026\/03\/Chewe-CAT.webp 640w, https:\/\/www.lafiracentrecomercial.com\/wp-content\/uploads\/2026\/03\/Chewe-CAT-500x272.webp 500w, https:\/\/www.lafiracentrecomercial.com\/wp-content\/uploads\/2026\/03\/Chewe-CAT-300x163.webp 300w, https:\/\/www.lafiracentrecomercial.com\/wp-content\/uploads\/2026\/03\/Chewe-CAT-138x75.webp 138w, https:\/\/www.lafiracentrecomercial.com\/wp-content\/uploads\/2026\/03\/Chewe-CAT-480x261.webp 480w\" sizes=\"(max-width:767px) 480px, 640px\" \/><\/a><div class=\"image_links double\"><a class=\"zoom tooltip\" data-tooltip=\"Zoom\" data-position=\"left\" rel=\"prettyphoto\" href=\"https:\/\/www.lafiracentrecomercial.com\/wp-content\/uploads\/2026\/03\/Chewe-CAT.webp\"><svg viewBox=\"0 0 26 26\"><defs><style>.path{fill:none;stroke:#333;stroke-miterlimit:10;stroke-width:1.5px;}<\/style><\/defs><circle cx=\"11.35\" cy=\"11.35\" r=\"6\" class=\"path\"><\/circle><line x1=\"15.59\" y1=\"15.59\" x2=\"20.65\" y2=\"20.65\" class=\"path\"><\/line><\/svg><\/a><a class=\"link tooltip\" data-tooltip=\"Details\" data-position=\"left\" href=\"https:\/\/www.lafiracentrecomercial.com\/ca\/la-chewe-quedada-arriba-a-la-fira-influencers-activitats-i-torneig-pokemon-tcg\/\"><svg viewBox=\"0 0 26 26\"><defs><style>.path{fill:none;stroke:#333;stroke-miterlimit:10;stroke-width:1.5px;}<\/style><\/defs><g><path d=\"M10.17,8.76l2.12-2.12a5,5,0,0,1,7.07,0h0a5,5,0,0,1,0,7.07l-2.12,2.12\" class=\"path\"><\/path><path d=\"M15.83,17.24l-2.12,2.12a5,5,0,0,1-7.07,0h0a5,5,0,0,1,0-7.07l2.12-2.12\" class=\"path\"><\/path><line x1=\"10.17\" y1=\"15.83\" x2=\"15.83\" y2=\"10.17\" class=\"path\"><\/line><\/g><\/svg><\/a><\/div><\/div><\/div><div class=\"post-desc-wrapper bg- has-custom-bg\" style=\"\"><div class=\"post-desc\"><div class=\"post-head\"><div class=\"post-meta clearfix\"><div class=\"author-date\"><span class=\"date\"><i class=\"icon-clock\"><\/i> <span class=\"post-date updated\">9 de mar\u00e7 de 2026<\/span><\/span><\/div><\/div><\/div><div class=\"post-title\"><h4 class=\"entry-title \" itemprop=\"headline\"><a href=\"https:\/\/www.lafiracentrecomercial.com\/ca\/la-chewe-quedada-arriba-a-la-fira-influencers-activitats-i-torneig-pokemon-tcg\/\">La Chewe Quedada arriba a La Fira: influencers, activitats i torneig Pok\u00e9mon TCG<\/a><\/h4><\/div><\/div><\/div><\/article><article class=\"post post-item isotope-item clearfix category-116 post-7862 type-post status-publish format-standard has-post-thumbnail hentry category-sin-categorizar-2\" style=\"\"><div class=\"date_label\">12 de febrer de 2026<\/div><div class=\"image_frame post-photo-wrapper scale-with-grid image\"><div class=\"image_wrapper\"><a href=\"https:\/\/www.lafiracentrecomercial.com\/ca\/la-fira-i-els-estudiants-de-medicina-promouen-la-salut-preventiva-entre-els-visitants\/\"><div class=\"mask\"><\/div><img loading=\"lazy\" decoding=\"async\" width=\"640\" height=\"348\" src=\"https:\/\/www.lafiracentrecomercial.com\/wp-content\/uploads\/2026\/02\/AECS.webp\" class=\"scale-with-grid wp-post-image\" alt=\"Estudiantes\" srcset=\"https:\/\/www.lafiracentrecomercial.com\/wp-content\/uploads\/2026\/02\/AECS.webp 640w, https:\/\/www.lafiracentrecomercial.com\/wp-content\/uploads\/2026\/02\/AECS-500x272.webp 500w, https:\/\/www.lafiracentrecomercial.com\/wp-content\/uploads\/2026\/02\/AECS-300x163.webp 300w, https:\/\/www.lafiracentrecomercial.com\/wp-content\/uploads\/2026\/02\/AECS-138x75.webp 138w, https:\/\/www.lafiracentrecomercial.com\/wp-content\/uploads\/2026\/02\/AECS-480x261.webp 480w\" sizes=\"(max-width:767px) 480px, 640px\" \/><\/a><div class=\"image_links double\"><a class=\"zoom tooltip\" data-tooltip=\"Zoom\" data-position=\"left\" rel=\"prettyphoto\" href=\"https:\/\/www.lafiracentrecomercial.com\/wp-content\/uploads\/2026\/02\/AECS.webp\"><svg viewBox=\"0 0 26 26\"><defs><style>.path{fill:none;stroke:#333;stroke-miterlimit:10;stroke-width:1.5px;}<\/style><\/defs><circle cx=\"11.35\" cy=\"11.35\" r=\"6\" class=\"path\"><\/circle><line x1=\"15.59\" y1=\"15.59\" x2=\"20.65\" y2=\"20.65\" class=\"path\"><\/line><\/svg><\/a><a class=\"link tooltip\" data-tooltip=\"Details\" data-position=\"left\" href=\"https:\/\/www.lafiracentrecomercial.com\/ca\/la-fira-i-els-estudiants-de-medicina-promouen-la-salut-preventiva-entre-els-visitants\/\"><svg viewBox=\"0 0 26 26\"><defs><style>.path{fill:none;stroke:#333;stroke-miterlimit:10;stroke-width:1.5px;}<\/style><\/defs><g><path d=\"M10.17,8.76l2.12-2.12a5,5,0,0,1,7.07,0h0a5,5,0,0,1,0,7.07l-2.12,2.12\" class=\"path\"><\/path><path d=\"M15.83,17.24l-2.12,2.12a5,5,0,0,1-7.07,0h0a5,5,0,0,1,0-7.07l2.12-2.12\" class=\"path\"><\/path><line x1=\"10.17\" y1=\"15.83\" x2=\"15.83\" y2=\"10.17\" class=\"path\"><\/line><\/g><\/svg><\/a><\/div><\/div><\/div><div class=\"post-desc-wrapper bg- has-custom-bg\" style=\"\"><div class=\"post-desc\"><div class=\"post-head\"><div class=\"post-meta clearfix\"><div class=\"author-date\"><span class=\"date\"><i class=\"icon-clock\"><\/i> <span class=\"post-date updated\">12 de febrer de 2026<\/span><\/span><\/div><\/div><\/div><div class=\"post-title\"><h4 class=\"entry-title \" itemprop=\"headline\"><a href=\"https:\/\/www.lafiracentrecomercial.com\/ca\/la-fira-i-els-estudiants-de-medicina-promouen-la-salut-preventiva-entre-els-visitants\/\">La Fira i els estudiants de Medicina promouen la salut preventiva entre els visitants<\/a><\/h4><\/div><\/div><\/div><\/article><article class=\"post post-item isotope-item clearfix category-116 post-7815 type-post status-publish format-standard has-post-thumbnail hentry category-sin-categorizar-2\" style=\"\"><div class=\"date_label\">19 de gener de 2026<\/div><div class=\"image_frame post-photo-wrapper scale-with-grid image\"><div class=\"image_wrapper\"><a href=\"https:\/\/www.lafiracentrecomercial.com\/ca\/la-fira-comptara-des-del-31-de-gener-amb-la-primera-botiga-half-price-de-catalunya\/\"><div class=\"mask\"><\/div><img loading=\"lazy\" decoding=\"async\" width=\"640\" height=\"348\" src=\"https:\/\/www.lafiracentrecomercial.com\/wp-content\/uploads\/2026\/01\/CC-La-Fira-Silicius.5.webp\" class=\"scale-with-grid wp-post-image\" alt=\"\" srcset=\"https:\/\/www.lafiracentrecomercial.com\/wp-content\/uploads\/2026\/01\/CC-La-Fira-Silicius.5.webp 640w, https:\/\/www.lafiracentrecomercial.com\/wp-content\/uploads\/2026\/01\/CC-La-Fira-Silicius.5-500x272.webp 500w, https:\/\/www.lafiracentrecomercial.com\/wp-content\/uploads\/2026\/01\/CC-La-Fira-Silicius.5-300x163.webp 300w, https:\/\/www.lafiracentrecomercial.com\/wp-content\/uploads\/2026\/01\/CC-La-Fira-Silicius.5-138x75.webp 138w, https:\/\/www.lafiracentrecomercial.com\/wp-content\/uploads\/2026\/01\/CC-La-Fira-Silicius.5-480x261.webp 480w\" sizes=\"(max-width:767px) 480px, 640px\" \/><\/a><div class=\"image_links double\"><a class=\"zoom tooltip\" data-tooltip=\"Zoom\" data-position=\"left\" rel=\"prettyphoto\" href=\"https:\/\/www.lafiracentrecomercial.com\/wp-content\/uploads\/2026\/01\/CC-La-Fira-Silicius.5.webp\"><svg viewBox=\"0 0 26 26\"><defs><style>.path{fill:none;stroke:#333;stroke-miterlimit:10;stroke-width:1.5px;}<\/style><\/defs><circle cx=\"11.35\" cy=\"11.35\" r=\"6\" class=\"path\"><\/circle><line x1=\"15.59\" y1=\"15.59\" x2=\"20.65\" y2=\"20.65\" class=\"path\"><\/line><\/svg><\/a><a class=\"link tooltip\" data-tooltip=\"Details\" data-position=\"left\" href=\"https:\/\/www.lafiracentrecomercial.com\/ca\/la-fira-comptara-des-del-31-de-gener-amb-la-primera-botiga-half-price-de-catalunya\/\"><svg viewBox=\"0 0 26 26\"><defs><style>.path{fill:none;stroke:#333;stroke-miterlimit:10;stroke-width:1.5px;}<\/style><\/defs><g><path d=\"M10.17,8.76l2.12-2.12a5,5,0,0,1,7.07,0h0a5,5,0,0,1,0,7.07l-2.12,2.12\" class=\"path\"><\/path><path d=\"M15.83,17.24l-2.12,2.12a5,5,0,0,1-7.07,0h0a5,5,0,0,1,0-7.07l2.12-2.12\" class=\"path\"><\/path><line x1=\"10.17\" y1=\"15.83\" x2=\"15.83\" y2=\"10.17\" class=\"path\"><\/line><\/g><\/svg><\/a><\/div><\/div><\/div><div class=\"post-desc-wrapper bg- has-custom-bg\" style=\"\"><div class=\"post-desc\"><div class=\"post-head\"><div class=\"post-meta clearfix\"><div class=\"author-date\"><span class=\"date\"><i class=\"icon-clock\"><\/i> <span class=\"post-date updated\">19 de gener de 2026<\/span><\/span><\/div><\/div><\/div><div class=\"post-title\"><h4 class=\"entry-title \" itemprop=\"headline\"><a href=\"https:\/\/www.lafiracentrecomercial.com\/ca\/la-fira-comptara-des-del-31-de-gener-amb-la-primera-botiga-half-price-de-catalunya\/\">La Fira comptar\u00e0 des del 31 de gener amb la primera botiga Half Price de Catalunya<\/a><\/h4><\/div><\/div><\/div><\/article><article class=\"post post-item isotope-item clearfix category-116 post-7774 type-post status-publish format-standard has-post-thumbnail hentry category-sin-categorizar-2\" style=\"\"><div class=\"date_label\">12 de gener de 2026<\/div><div class=\"image_frame post-photo-wrapper scale-with-grid image\"><div class=\"image_wrapper\"><a href=\"https:\/\/www.lafiracentrecomercial.com\/ca\/la-fira-acull-amb-exit-una-jornada-de-donacio-de-sang\/\"><div class=\"mask\"><\/div><img loading=\"lazy\" decoding=\"async\" width=\"640\" height=\"348\" src=\"https:\/\/www.lafiracentrecomercial.com\/wp-content\/uploads\/2026\/01\/NOTICIAS-WEB-donacion-sangre-640X348-copia.webp\" class=\"scale-with-grid wp-post-image\" alt=\"\" srcset=\"https:\/\/www.lafiracentrecomercial.com\/wp-content\/uploads\/2026\/01\/NOTICIAS-WEB-donacion-sangre-640X348-copia.webp 640w, https:\/\/www.lafiracentrecomercial.com\/wp-content\/uploads\/2026\/01\/NOTICIAS-WEB-donacion-sangre-640X348-copia-500x272.webp 500w, https:\/\/www.lafiracentrecomercial.com\/wp-content\/uploads\/2026\/01\/NOTICIAS-WEB-donacion-sangre-640X348-copia-300x163.webp 300w, https:\/\/www.lafiracentrecomercial.com\/wp-content\/uploads\/2026\/01\/NOTICIAS-WEB-donacion-sangre-640X348-copia-138x75.webp 138w, https:\/\/www.lafiracentrecomercial.com\/wp-content\/uploads\/2026\/01\/NOTICIAS-WEB-donacion-sangre-640X348-copia-480x261.webp 480w\" sizes=\"(max-width:767px) 480px, 640px\" \/><\/a><div class=\"image_links double\"><a class=\"zoom tooltip\" data-tooltip=\"Zoom\" data-position=\"left\" rel=\"prettyphoto\" href=\"https:\/\/www.lafiracentrecomercial.com\/wp-content\/uploads\/2026\/01\/NOTICIAS-WEB-donacion-sangre-640X348-copia.webp\"><svg viewBox=\"0 0 26 26\"><defs><style>.path{fill:none;stroke:#333;stroke-miterlimit:10;stroke-width:1.5px;}<\/style><\/defs><circle cx=\"11.35\" cy=\"11.35\" r=\"6\" class=\"path\"><\/circle><line x1=\"15.59\" y1=\"15.59\" x2=\"20.65\" y2=\"20.65\" class=\"path\"><\/line><\/svg><\/a><a class=\"link tooltip\" data-tooltip=\"Details\" data-position=\"left\" href=\"https:\/\/www.lafiracentrecomercial.com\/ca\/la-fira-acull-amb-exit-una-jornada-de-donacio-de-sang\/\"><svg viewBox=\"0 0 26 26\"><defs><style>.path{fill:none;stroke:#333;stroke-miterlimit:10;stroke-width:1.5px;}<\/style><\/defs><g><path d=\"M10.17,8.76l2.12-2.12a5,5,0,0,1,7.07,0h0a5,5,0,0,1,0,7.07l-2.12,2.12\" class=\"path\"><\/path><path d=\"M15.83,17.24l-2.12,2.12a5,5,0,0,1-7.07,0h0a5,5,0,0,1,0-7.07l2.12-2.12\" class=\"path\"><\/path><line x1=\"10.17\" y1=\"15.83\" x2=\"15.83\" y2=\"10.17\" class=\"path\"><\/line><\/g><\/svg><\/a><\/div><\/div><\/div><div class=\"post-desc-wrapper bg- has-custom-bg\" style=\"\"><div class=\"post-desc\"><div class=\"post-head\"><div class=\"post-meta clearfix\"><div class=\"author-date\"><span class=\"date\"><i class=\"icon-clock\"><\/i> <span class=\"post-date updated\">12 de gener de 2026<\/span><\/span><\/div><\/div><\/div><div class=\"post-title\"><h4 class=\"entry-title \" itemprop=\"headline\"><a href=\"https:\/\/www.lafiracentrecomercial.com\/ca\/la-fira-acull-amb-exit-una-jornada-de-donacio-de-sang\/\">La Fira acull amb \u00e8xit una jornada de donaci\u00f3 de sang<\/a><\/h4><\/div><\/div><\/div><\/article><\/div><div class=\"column one pager_wrapper\"><div class=\"pager\"><div class=\"pages\"><a href=\"https:\/\/www.lafiracentrecomercial.com\/ca\/wp-json\/wp\/v2\/pages\/638\/\" class=\"page active\">1<\/a><a href=\"https:\/\/www.lafiracentrecomercial.com\/ca\/wp-json\/wp\/v2\/pages\/638\/page\/2\/\" class=\"page\">2<\/a><a href=\"https:\/\/www.lafiracentrecomercial.com\/ca\/wp-json\/wp\/v2\/pages\/638\/page\/3\/\" class=\"page\">3<\/a><a href=\"https:\/\/www.lafiracentrecomercial.com\/ca\/wp-json\/wp\/v2\/pages\/638\/page\/4\/\" class=\"page\">4<\/a><a href=\"https:\/\/www.lafiracentrecomercial.com\/ca\/wp-json\/wp\/v2\/pages\/638\/page\/5\/\" class=\"page\">5<\/a><a href=\"https:\/\/www.lafiracentrecomercial.com\/ca\/wp-json\/wp\/v2\/pages\/638\/page\/6\/\" class=\"page\">6<\/a><a href=\"https:\/\/www.lafiracentrecomercial.com\/ca\/wp-json\/wp\/v2\/pages\/638\/page\/7\/\" class=\"page\">7<\/a><a href=\"https:\/\/www.lafiracentrecomercial.com\/ca\/wp-json\/wp\/v2\/pages\/638\/page\/8\/\" class=\"page\">8<\/a><a href=\"https:\/\/www.lafiracentrecomercial.com\/ca\/wp-json\/wp\/v2\/pages\/638\/page\/9\/\" class=\"page\">9<\/a><\/div><a rel=\"next\" class=\"next_page\" href=\"https:\/\/www.lafiracentrecomercial.com\/ca\/wp-json\/wp\/v2\/pages\/638\/page\/2\/\">Next page<i class=\"icon-right-open\" aria-hidden=\"true\"><\/i><\/a><\/div><\/div>\n<\/div>\n<\/div>\n\t\t\t\t<\/div>\n\t\t\t\t<\/div>\n\t\t\t\t\t<\/div>\n\t\t<\/div>\n\t\t\t\t\t<\/div>\n\t\t<\/section>\n\t\t\t\t<\/div>\n\t\t","protected":false},"excerpt":{"rendered":"<p>Actualitat \u00daltimes not\u00edcies sobre La Fira 4 de juny de 2025 4 de juny de 2025 Moda Infantil a Reus: Prepara l&#8217;Armari dels M\u00e9s Petits per<span class=\"excerpt-hellip\"> [\u2026]<\/span><\/p>\n","protected":false},"author":1,"featured_media":0,"parent":0,"menu_order":0,"comment_status":"closed","ping_status":"closed","template":"","meta":{"footnotes":""},"class_list":["post-638","page","type-page","status-publish","hentry"],"publishpress_future_workflow_manual_trigger":{"enabledWorkflows":[]},"_links":{"self":[{"href":"https:\/\/www.lafiracentrecomercial.com\/ca\/wp-json\/wp\/v2\/pages\/638","targetHints":{"allow":["GET"]}}],"collection":[{"href":"https:\/\/www.lafiracentrecomercial.com\/ca\/wp-json\/wp\/v2\/pages"}],"about":[{"href":"https:\/\/www.lafiracentrecomercial.com\/ca\/wp-json\/wp\/v2\/types\/page"}],"author":[{"embeddable":true,"href":"https:\/\/www.lafiracentrecomercial.com\/ca\/wp-json\/wp\/v2\/users\/1"}],"replies":[{"embeddable":true,"href":"https:\/\/www.lafiracentrecomercial.com\/ca\/wp-json\/wp\/v2\/comments?post=638"}],"version-history":[{"count":39,"href":"https:\/\/www.lafiracentrecomercial.com\/ca\/wp-json\/wp\/v2\/pages\/638\/revisions"}],"predecessor-version":[{"id":6893,"href":"https:\/\/www.lafiracentrecomercial.com\/ca\/wp-json\/wp\/v2\/pages\/638\/revisions\/6893"}],"wp:attachment":[{"href":"https:\/\/www.lafiracentrecomercial.com\/ca\/wp-json\/wp\/v2\/media?parent=638"}],"curies":[{"name":"wp","href":"https:\/\/api.w.org\/{rel}","templated":true}]}}