{"id":842,"date":"2023-06-27T09:25:59","date_gmt":"2023-06-27T09:25:59","guid":{"rendered":"https:\/\/www.lafiracentrecomercial.com\/?page_id=842"},"modified":"2024-01-19T13:07:40","modified_gmt":"2024-01-19T13:07:40","slug":"politica-de-privacidad-ca","status":"publish","type":"page","link":"https:\/\/www.lafiracentrecomercial.com\/ca\/politica-de-privacidad-ca\/","title":{"rendered":"Pol\u00edtica de privacidad CA"},"content":{"rendered":"\t\t<div data-elementor-type=\"wp-page\" data-elementor-id=\"842\" class=\"elementor elementor-842\">\n\t\t\t\t\t\t<section class=\"elementor-section elementor-top-section elementor-element elementor-element-40e9c774 elementor-section-stretched elementor-section-boxed elementor-section-height-default elementor-section-height-default\" data-id=\"40e9c774\" data-element_type=\"section\" data-e-type=\"section\" data-settings=\"{&quot;stretch_section&quot;:&quot;section-stretched&quot;,&quot;background_background&quot;:&quot;classic&quot;}\">\n\t\t\t\t\t\t<div class=\"elementor-container elementor-column-gap-wider\">\n\t\t\t\t\t<div class=\"elementor-column elementor-col-100 elementor-top-column elementor-element elementor-element-e8397c3\" data-id=\"e8397c3\" data-element_type=\"column\" data-e-type=\"column\">\n\t\t\t<div class=\"elementor-widget-wrap elementor-element-populated\">\n\t\t\t\t\t\t<div class=\"elementor-element elementor-element-5d9437e2 elementor-widget elementor-widget-heading\" data-id=\"5d9437e2\" data-element_type=\"widget\" data-e-type=\"widget\" data-widget_type=\"heading.default\">\n\t\t\t\t<div class=\"elementor-widget-container\">\n\t\t\t\t\t<h1 class=\"elementor-heading-title elementor-size-default\">Pol\u00edtica de privacitat<\/h1>\t\t\t\t<\/div>\n\t\t\t\t<\/div>\n\t\t\t\t<section class=\"elementor-section elementor-inner-section elementor-element elementor-element-56daeba2 elementor-section-boxed elementor-section-height-default elementor-section-height-default\" data-id=\"56daeba2\" data-element_type=\"section\" data-e-type=\"section\">\n\t\t\t\t\t\t<div class=\"elementor-container elementor-column-gap-default\">\n\t\t\t\t\t<div class=\"elementor-column elementor-col-100 elementor-inner-column elementor-element elementor-element-7d575272\" data-id=\"7d575272\" data-element_type=\"column\" data-e-type=\"column\">\n\t\t\t<div class=\"elementor-widget-wrap elementor-element-populated\">\n\t\t\t\t\t\t<div class=\"elementor-element elementor-element-7d8b7ae elementor-widget elementor-widget-text-editor\" data-id=\"7d8b7ae\" data-element_type=\"widget\" data-e-type=\"widget\" data-widget_type=\"text-editor.default\">\n\t\t\t\t<div class=\"elementor-widget-container\">\n\t\t\t\t\t\t\t\t\t<div><h2>WEB\/APP\/WIFI CENTRE COMERCIAL<\/h2><section><div class=\"tablecontainer\" style=\"width: 100%;\"><table class=\"cookiestable\" style=\"width: 100%;\"><thead><tr><th colspan=\"2\">Informaci\u00f3 b\u00e0sica sobre protecci\u00f3 de dades<\/th><\/tr><\/thead><tbody><tr><td><p><strong>Responsable<\/strong><\/p><\/td><td>El Centre Comercial \u2013 Vegeu taula \u201cInformaci\u00f3 General\u201d <a href=\"https:\/\/www.lafiracentrecomercial.com\/CA\/politica-de-privacitat#responsable\">M\u00e9s info<\/a><\/td><\/tr><tr><td><p><strong>Finalitat<\/strong><\/p><\/td><td>Les indicades en aquesta Pol\u00edtica de privadesa <a href=\"https:\/\/www.lafiracentrecomercial.com\/CA\/politica-de-privacitat#finalitat\">M\u00e9s info<\/a><\/td><\/tr><tr><td><p><strong>Legitimaci\u00f3<\/strong><\/p><\/td><td>El tractament de les vostres dades es far\u00e0 de conformitat amb l&#8217;article 6 del RGPD. Vegeu-ne detalls a continuaci\u00f3 <a href=\"https:\/\/www.lafiracentrecomercial.com\/CA\/politica-de-privacitat#legitimacio\">M\u00e9s info<\/a><\/td><\/tr><tr><td><p><strong>Destinataris<\/strong><\/p><\/td><td>Els usuaris del web, l\u2019app, el wifi o visitants del Centre Comercial <a href=\"https:\/\/www.lafiracentrecomercial.com\/CA\/politica-de-privacitat#destinataris\">M\u00e9s info<\/a><\/td><\/tr><tr><td><p><strong>Drets<\/strong><\/p><\/td><td>Podreu exercir en qualsevol moment els drets reconeguts en mat\u00e8ria de protecci\u00f3 de dades adre\u00e7ant-vos al Centre Comercial escrivint a l&#8217;adre\u00e7a indicada a la taula &#8220;Informaci\u00f3 General&#8221; <a href=\"https:\/\/www.lafiracentrecomercial.com\/CA\/politica-de-privacitat#drets\">M\u00e9s info<\/a><\/td><\/tr><tr><td><p><strong>Informaci\u00f3 addicional<\/strong><\/p><\/td><td>Podeu llegir la nostra Pol\u00edtica de privadesa i la nostra Pol\u00edtica de cookies que trobareu a continuaci\u00f3 per tal d\u2019entendre en detall l&#8217;\u00fas que farem de les vostres dades personals i dels drets dels quals disposeu en relaci\u00f3 amb les dades personals.<\/td><\/tr><\/tbody><\/table><\/div><p>En aquesta Pol\u00edtica de privadesa es recull tota la informaci\u00f3 relativa al tractament que fa el Centre Comercial de les dades personals dels seus usuaris recopilades mitjan\u00e7ant qualsevol dels canals seg\u00fcents en funci\u00f3 de la interacci\u00f3 que l&#8217;usuari tingui amb el Centre Comercial.<\/p><ul><li>Lloc Web.<\/li><li>Aplicaci\u00f3 m\u00f2bil.<\/li><li>Servei Wi-Fi.<\/li><li>Presencial (format paper o <i>tablets<\/i>&gt;).<\/li><\/ul><p>S&#8217;ent\u00e9n per <strong>Usuari<\/strong> (o Usuaris) la persona que accedeixi, navegui, utilitzi o participi en els serveis i les activitats, gratu\u00efts o onerosos, que ofereix el Centre Comercial mitjan\u00e7ant el lloc web, l&#8217;aplicaci\u00f3 m\u00f2bil i el servei wifi, com tamb\u00e9 els serveis que s\u2019ofereixen amb car\u00e0cter presencial a les mateixes instal\u00b7lacions del Centre Comercial.<\/p><p>Aix\u00ed mateix, <strong>Plataforma<\/strong> fa refer\u00e8ncia en general a qualsevol dels llocs web, aplicacions m\u00f2bils i serveis wifi que s\u2019inclouen a la taula &#8220;Informaci\u00f3 General&#8221; que es mostra a continuaci\u00f3.<\/p><\/section><section id=\"responsable\"><h2>1. Qui \u00e9s el responsable del tractament de les vostres dades personals?<\/h2><p>A continuaci\u00f3, trobareu la informaci\u00f3 del registre i les dades de contacte de la societat responsable del tractament de les vostres dades personals, en funci\u00f3 del lloc web, l&#8217;aplicaci\u00f3 m\u00f2bil o el servei wifi del qual sigueu usuari.<\/p><p>D&#8217;ara endavant, es fa servir el terme &#8220;Centre Comercial&#8221; o &#8220;responsable del tractament&#8221; per fer refer\u00e8ncia, de forma individual al Centre Comercial que correspongui en cada cas dels que s&#8217;inclouen a la taula seg\u00fcent:<\/p><div class=\"tablecontainer\" style=\"width: 100%;\"><table class=\"cookiestable\" style=\"width: 100%;\"><thead><tr><th colspan=\"5\">INFORMACI\u00d3 GENERAL<\/th><\/tr><tr><th>Centre Comercial<\/th><th>Dades Contacte<\/th><th>Domini P\u00e0gina Web<\/th><th>Aplicaci\u00f3 M\u00f3bil<\/th><th>Servici Wi-Fi<\/th><\/tr><\/thead><tbody><tr class=\"active\"><td><p>LA FIRA CENTRE COMERCIAL<\/p><\/td><td><p>CIF: B87382453<\/p><p>Domicili social: Calle Vel\u00e1zquez, 123, 28006 Madrid<\/p><p>Correu: info@lafiracentrecomercial.com<\/p><p>Tel\u00e8fon: 977 32 07 19<\/p><\/td><td><p>https:\/\/www.lafiracentrecomercial.com\/<\/p><\/td><td><p>La Fira Centre Comercial<\/p><\/td><td><p>_La Fira Open WIFI_<\/p><\/td><\/tr><tr><td><p>CENTRO COMERCIAL THADER<\/p><\/td><td><p>CIF: B73473134<\/p><p>Domicili social: Avda. Juan de Borb\u00f3n, s\/n, 30.110 MURCIA<\/p><p>Correu: thader.clientes@thader.net<\/p><p>Tel\u00e8fon: 968 385 880<\/p><\/td><td><p>https:\/\/www.thader.net\/<\/p><\/td><td><p>Thader<\/p><\/td><td><p>_Thader Open WIFI_<\/p><\/td><\/tr><\/tbody><\/table><\/div><\/section><section id=\"finalitat\"><h2>2. Quines dades personals tractem?<\/h2><p>El Centre Comercial tracta les dades facilitades pels usuaris a trav\u00e9s dels diferents formularis i canals habilitats a la plataforma, com tamb\u00e9 les dades que s&#8217;obtenen durant la prestaci\u00f3 dels serveis dels quals gaudeixin els Usuaris si \u00e9s el cas. En qualsevol cas, tractem exclusivament les dades personals facilitades pels usuaris per a les finalitats indicades en aquesta Pol\u00edtica de privadesa.<\/p><p>Llevat que s\u2019indiqui expressament el contrari, \u00e9s obligatori indicar totes les dades personals sol\u00b7licitades en els formularis habilitats a la Plataforma per a la recollida de dades, ja que s\u00f3n indispensables per al registre o per a la prestaci\u00f3 correcta dels serveis que s\u2019hi ofereixen i, en el cas de no facilitar-les, no es pot gestionar el registre ni oferir els serveis que l\u2019Usuari demana. Per tant, els Usuaris han d\u2019emplenar els camps marcats &#8220;obligatoris&#8221; en els formularis de la Plataforma; en el cas contrari podria implicar la impossibilitat de prestar el servei sol\u00b7licitat o un funcionament incorrecte de la Plataforma i els seus serveis. Deixant de banda els camps &#8220;obligatoris&#8221;, l&#8217;Usuari disposa de tota la llibertat per proporcionar o no la resta de les dades personals. En qualsevol cas, l&#8217;Usuari ha de comunicar al Centre Comercial les seves dades personals actuals per tal que la informaci\u00f3 estigui actualitzada i sense errors.<\/p><p>En el cas que faciliti dades de tercers, l&#8217;Usuari garanteix que les ha obtingudes i facilitades al Centre Comercial amb la informaci\u00f3 i autoritzaci\u00f3 pr\u00e8vies dels seus titulars de conformitat amb la normativa en mat\u00e8ria de protecci\u00f3 de dades. En aquest sentit, l&#8217;Usuari eximeix el Centre Comercial de qualsevol responsabilitat derivada de la inobservan\u00e7a d&#8217;aquesta garantia.<\/p><p>Les dades personals dels Usuaris menors de catorze (14) anys i incapa\u00e7os s&#8217;han de recollir i tractar sobre la base del perm\u00eds i el consentiment atorgat pels pares, tutors o representants legals. Per tant, demanem als Usuaris que s&#8217;abstinguin de subministrar dades personals d&#8217;un menor de 14 anys o d&#8217;un incapa\u00e7 o les seves pr\u00f2pies dades si l\u2019Usuari \u00e9s un menor de 14 anys o un incapa\u00e7, si no t\u00e9 el consentiment dels pares, tutors o representants legals; el Centre Comercial no es fa responsable de les actuacions del menor de catorze (14) anys o incapa\u00e7 ni de cap Usuari que no tingui l&#8217;esmentat consentiment. El Centre Comercial pot procedir al tractament de les dades dels majors de catorze (14) anys amb el seu consentiment, excepte en els casos en qu\u00e8 la Llei exigeixi l&#8217;assist\u00e8ncia dels titulars de la p\u00e0tria potestat o tutela.<\/p><p>L&#8217;Usuari confirma i garanteix la veracitat i l&#8217;exactitud de les dades aportades i que s&#8217;ajusten al seu estat actual. En aquest sentit, l&#8217;Usuari es compromet a comunicar qualsevol modificaci\u00f3 que es produeixi en les dades d&#8217;acord amb el procediment que s\u2019estableix a l&#8217;apartat: <strong>Quins s\u00f3n els vostres drets quan ens faciliteu les dades personals?<\/strong><\/p><\/section><section><h2>3. Amb quina finalitat tractem les dades personals? Quina \u00e9s la legitimaci\u00f3 per al tractament de les dades?<\/h2><p>El tractament de les dades personals varia en funci\u00f3 de la Plataforma que feu servir i del Centre Comercial visitat, ja que cada Centre Comercial actua de forma independent i no tots tenen les mateixes funcionalitats ni ofereixen els mateixos serveis.<\/p><h3>Lloc Web:<\/h3><ul><li><p>En el cas que l&#8217;Usuari comuniqui les seves dades a trav\u00e9s de l&#8217;apartat <strong>&#8220;El teu negoci&#8221;<\/strong> del lloc web del Centre Comercial, les dades es tracten per atendre la sol\u00b7licitud realitzada i enviar la informaci\u00f3 corresponent sobre la base de la relaci\u00f3 precontractual existent entre l\u2019Usuari i el Centre Comercial.<\/p><\/li><li><p>En el cas d&#8217;accedir a l&#8217;apartat <strong>&#8220;Ocupaci\u00f3&#8221;<\/strong>, l&#8217;Usuari ser\u00e0 redirigit a la plataforma o al portal d&#8217;ocupaci\u00f3 d&#8217;un tercer titular d&#8217;aquesta plataforma o portal i responsable del servei que s\u2019hi ofereix. S&#8217;informa a l&#8217;Usuari que el Centre Comercial no participa de cap manera en l&#8217;activitat exercida pel titular d&#8217;aquesta plataforma o portal d&#8217;ocupaci\u00f3 per la qual cosa no es fa responsable del tractament de dades personals que aquest fa.<\/p><\/li><li><p>En el cas que l&#8217;Usuari comuniqui les seves dades a trav\u00e9s de l&#8217;apartat <strong>&#8220;Contacte&#8221;<\/strong> del lloc web o mitjan\u00e7ant l&#8217;adre\u00e7a electr\u00f2nica habilitada a aquest efecte, les dades es tractaran per tramitar i atendre la vostra consulta o sol\u00b7licitud sobre la base de l&#8217;inter\u00e8s leg\u00edtim del Centre Comercial en atendre les sol\u00b7licituds o consultes que es plantegen.<\/p><p>Quan la consulta estigui relacionada amb l&#8217;exercici dels drets sobre els quals s&#8217;informa m\u00e9s avall o amb reclamacions relacionades amb els serveis del Centre Comercial, les dades seran tractades pel Centre Comercial basant-se en el compliment d&#8217;obligacions legals.<\/p><\/li><li><p>En el cas que l&#8217;Usuari se subscrigui al <strong>butllet\u00ed<\/strong> del Centre Comercial, les dades es tractaran per enviar-li informaci\u00f3 publicit\u00e0ria i comercial relacionada amb les diferents activitats, serveis, ofertes, promocions especials del Centre Comercial per qualsevol via, inclosa l&#8217;electr\u00f2nica. La base que legitima el tractament de les dades \u00e9s el consentiment expr\u00e9s que ha atorgat l&#8217;Usuari.<\/p><p>La mera navegaci\u00f3 pel lloc web, en general, no implica el tractament de dades personals de l\u2019Usuari, llevat de les relatives a la seva adre\u00e7a IP i les relatives a la navegaci\u00f3 que t\u00e9 la finalitat de gestionar i optimitzar el lloc web, com tamb\u00e9 de preservar-ne la seguretat i la integritat. Aquest tractament es basa en l&#8217;inter\u00e8s leg\u00edtim del Centre Comercial de garantir el bon funcionament del lloc web i la seguretat de la xarxa i de la informaci\u00f3.<\/p><\/li><\/ul><h3>Aplicaci\u00f3 m\u00f2bil:<\/h3><ul><li><p>En el cas que l&#8217;Usuari es descarregui l&#8217;aplicaci\u00f3 i hi accedeixi sense registrar-se, les \u00faniques dades personals que es tracten per a prestar els serveis que s\u2019ofereixen a trav\u00e9s de l&#8217;app en mode convidat s\u00f3n les dades relatives a la geolocalitzaci\u00f3 dels Usuaris dins el Centre Comercial quan aix\u00ed ho requereixi el servei sol\u00b7licitat i sempre que l&#8217;Usuari hagi donat el seu consentiment en la configuraci\u00f3 del seu dispositiu. Aix\u00ed mateix, amb la configuraci\u00f3 pr\u00e8via de l&#8217;Usuari, s&#8217;enviaran notificacions push relatives a ofertes i novetats del Centre Comercial sobre la base de la relaci\u00f3 existent entre l&#8217;Usuari i el Centre Comercial derivada de l&#8217;acceptaci\u00f3 per part de l&#8217;Usuari dels termes i les condicions de l&#8217;aplicaci\u00f3.<\/p><\/li><li><p>En el cas que l&#8217;Usuari es registri a l&#8217;aplicaci\u00f3, les dades personals que hagi facilitat en el registre es tracten per a prestar els serveis que s\u2019ofereixen a trav\u00e9s de l&#8217;aplicaci\u00f3, cosa que inclou el tractament de dades relatives a la geolocalitzaci\u00f3 dins el Centre Comercial dels Usuaris que aix\u00ed ho hagin configurat al dispositiu. Aix\u00ed mateix, amb la configuraci\u00f3 pr\u00e8via de l&#8217;Usuari, s&#8217;enviaran notificacions push relatives a ofertes i novetats del Centre Comercial.<\/p><p>A m\u00e9s, el Centre Comercial analitza les dades relacionades amb l&#8217;\u00fas de l&#8217;aplicaci\u00f3 i les prefer\u00e8ncies que s\u2019hi mostren amb l&#8217;objectiu de personalitzar els continguts i l&#8217;oferta de serveis del Centre Comercial que es mostren a l&#8217;Usuari adaptant-los al seu perfil. La base que legitima el tractament de les dades \u00e9s l&#8217;inter\u00e8s leg\u00edtim del Centre Comercial en el desenvolupament de la seva activitat comercial.<\/p><\/li><li><p>En el cas que l&#8217;Usuari accepti rebre <strong>comunicacions comercials<\/strong> (correu electr\u00f2nic, sms&#8230;) del Centre Comercial, les dades es tracten per enviar-li informaci\u00f3 publicit\u00e0ria i comercial relacionada amb les diferents activitats, serveis, ofertes, promocions especials del Centre Comercial per via electr\u00f2nica. La base que legitima el tractament de les dades \u00e9s el consentiment expr\u00e9s que ha atorgat l&#8217;Usuari.<\/p><\/li><li><p>En el cas que l&#8217;Usuari sol\u00b7liciti la <strong>Targeta de fidelitzaci\u00f3<\/strong> a trav\u00e9s de l&#8217;apartat corresponent de l&#8217;app, les dades es tracten per gestionar l&#8217;emissi\u00f3 de l&#8217;esmentada targeta i gestionar-ne l&#8217;\u00fas per part de l&#8217;Usuari sobre la base del consentiment que haur\u00e0 facilitat l&#8217;Usuari en completar el seu registre lliurement i volunt\u00e0riament.<\/p><p>La mera navegaci\u00f3, en general, no implica el tractament de dades personals dels Usuaris, llevat de les relatives a la navegaci\u00f3 per tal de gestionar i optimitzar l\u2019aplicaci\u00f3 i de preservar-ne la seguretat i la integritat. Aquest tractament es basa en l&#8217;inter\u00e8s leg\u00edtim del Centre Comercial de garantir el bon funcionament de l\u2019aplicaci\u00f3 i la seguretat de la xarxa i de la informaci\u00f3.<\/p><\/li><\/ul><h3>Usuari Servei Wi-Fi:<\/h3><ul><li><p>En el cas que l&#8217;Usuari es registri al servei wifi disponible al Centre Comercial, les seves dades personals es tracten per gestionar-ne l&#8217;acc\u00e9s i oferir-li el servei wifi basant-se en la relaci\u00f3 existent entre l&#8217;Usuari i el Centre comercial, derivada de l&#8217;acceptaci\u00f3 per part de l&#8217;Usuari dels Termes i les condicions del wifi.<\/p><p>A m\u00e9s, sobre la base de l&#8217;inter\u00e8s leg\u00edtim del Centre Comercial, les dades personals es tracten per gestionar i controlar l&#8217;\u00fas del servei wifi, garantint-ne tant la seguretat com l&#8217;optimitzaci\u00f3 i fent servir estrictament la informaci\u00f3 relativa a l&#8217;\u00fas del wifi amb finalitats estad\u00edstiques; per exemple, per millorar els dissenys dels espais, controlar l&#8217;aforament, establir els nivells de personal, horaris d&#8217;obertura, determinar el senyal de wifi necessari per poder oferir una connexi\u00f3 millor o millorar un altre tipus de servei que ofereixi el Centre Comercial.<\/p><\/li><li><p>En el cas que l&#8217;Usuari accepti rebre <strong>comunicacions comercials<\/strong> (per correu electr\u00f2nic o sms&#8230;) del Centre Comercial, les dades es tracten per enviar-li informaci\u00f3 publicit\u00e0ria i comercial relacionada amb les diferents activitats, serveis, ofertes, promocions especials del Centre Comercial per qualsevol via, inclosa l\u2019electr\u00f2nica. La base que legitima el tractament de les dades \u00e9s el consentiment expr\u00e9s que ha atorgat l&#8217;Usuari.<\/p><\/li><\/ul><h3>Usuari Presencial:<\/h3><ul><li>En cas que l&#8217;Usuari lliuri el seu <i><strong>curr\u00edculum<\/strong><\/i> o document similar, les dades es tracten per gestionar la seva candidatura per cobrir un lloc de treball al centre comercial o en locals d&#8217;arrendataris del centre comercial sobre la base de l&#8217;aplicaci\u00f3 de mesures precontractuals.<\/li><li>En el cas que l&#8217;Usuari empleni el formulari corresponent per a la formulaci\u00f3 de <strong>Queixes i reclamacions<\/strong> disponible a Atenci\u00f3 al Client, el Centre comercial tractar\u00e0 les dades personals facilitades per gestionar i atendre correctament la seva queixa o reclamaci\u00f3 sobre la base de l&#8217;inter\u00e8s leg\u00edtim del Centre Comercial d\u2019atendre les queixes i les reclamacions dels usuaris.<\/li><li><p>En el cas que l&#8217;Usuari empleni el formulari corresponent per a la manifestaci\u00f3 de <strong>Suggeriments<\/strong> disponible a Atenci\u00f3 al Client, el Centre Comercial tracta les dades facilitades per gestionar els suggeriments rebuts sobre la base del seu inter\u00e8s leg\u00edtim d\u2019atendre els suggeriments dels Usuaris.<\/p><p>En el cas que l&#8217;Usuari faciliti les seves dades en el marc d&#8217;un concurs, sorteig, esdeveniment i\/o taller organitzat al Centre Comercial, les dades es tracten per gestionar la seva participaci\u00f3, la qual cosa pot incloure el lliurament de premis i la publicaci\u00f3 de les seves dades al lloc web, a xarxes socials, o en qualsevol mitj\u00e0 que utilitzi el Centre Comercial amb finalitats de difusi\u00f3 i transpar\u00e8ncia. El tractament de les dades personals dels Usuaris amb aquesta finalitat t\u00e9 com a base la relaci\u00f3 contractual entre els usuaris i el Centre Comercial derivada de l&#8217;acceptaci\u00f3 per part dels Usuaris de les condicions de participaci\u00f3 corresponents.<\/p><\/li><li><p>S&#8217;informa als Usuaris que, durant alguns concursos, sortejos, esdeveniments i\/o tallers que s\u2019organitzen al Centre Comercial es fan fotografies o v\u00eddeos amb finalitats publicit\u00e0ries i comercials del Centre Comercial. El Centre Comercial informar\u00e0 de la captaci\u00f3 d&#8217;imatges als Usuaris a trav\u00e9s del cartell informatiu corresponent. La captaci\u00f3 de les imatges esmentades es pot fer:<\/p><ul><li>de manera gen\u00e8rica i panor\u00e0mica, sense enfocar en cap moment la cara dels assistents. No obstant aix\u00f2, l&#8217;Usuari pot comunicar al Centre Comercial la seva oposici\u00f3 davant l&#8217;eventual captaci\u00f3 d&#8217;imatges que en permetin la identificaci\u00f3 seguint el procediment que s\u2019estableix a l&#8217;apartat: <strong>Quins s\u00f3n els vostres drets quan ens faciliteu les dades personals? <\/strong>La base que legitima el tractament de les dades personals que es poden captar, si \u00e9s el cas, de manera eventual o access\u00f2ria \u00e9s l&#8217;inter\u00e8s leg\u00edtim del Centre Comercial de dur a terme activitats de desenvolupament comercial per potenciar-ne l&#8217;activitat.<\/li><li>de manera que permetin la clara identificaci\u00f3 de l&#8217;Usuari. En aquest cas, el Centre Comercial informar\u00e0 pr\u00e8viament l&#8217;Usuari de forma directa i individual. En aquests casos, la base que legitima el tractament de les dades personals \u00e9s el consentiment que, en cada cas, atorgui l&#8217;Usuari.<\/li><\/ul><p>En el cas que l&#8217;Usuari faciliti les seves dades en el marc del servei de <strong>Pr\u00e9stecs<\/strong> (cadires, carros, carregadors, paraig\u00fces&#8230;), el Centre Comercial tracta les dades per gestionar el servei sol\u00b7licitat, incl\u00f2s el control sobre l&#8217;\u00fas i la devoluci\u00f3 del material facilitat sobre la base de la relaci\u00f3 existent entre l&#8217;Usuari i el Centre Comercial.<\/p><\/li><li>En el cas que l&#8217;Usuari comuniqui les seves dades o les d&#8217;un menor en el marc de les activitats del <strong>Club Infantil<\/strong> del Centre Comercial, les dades es tracten per gestionar-ne la participaci\u00f3 o la del menor esmentat en les diferents activitats de ludoteca, inclosos els sortejos i les promocions, i tamb\u00e9 per enviar-li la programaci\u00f3 de la dita ludoteca i una felicitaci\u00f3 d&#8217;aniversari. La base que legitima el tractament de les dades \u00e9s el consentiment facilitat per l&#8217;Usuari en completar el seu registre lliurement i volunt\u00e0riament.<\/li><li>En el cas que l&#8217;Usuari sol\u00b7liciti el servei de <strong>Polseres de localitzaci\u00f3 infantil<\/strong>, el Centre Comercial tracta les dades facilitades per gestionar el servei sol\u00b7licitat basant-se en el consentiment expr\u00e9s atorgat pel pare, tutor o representant legal que sol\u00b7liciti el servei.<\/li><li>En el cas que l&#8217;Usuari se subscrigui al <strong>butllet\u00ed<\/strong> del Centre Comercial, les dades es tractaran per enviar-li informaci\u00f3 publicit\u00e0ria i comercial relacionada amb les diferents activitats, serveis, ofertes, promocions especials del Centre Comercial per qualsevol via, inclosa l&#8217;electr\u00f2nica. La base que legitima el tractament de les dades \u00e9s el consentiment expr\u00e9s que ha atorgat l&#8217;Usuari.<\/li><\/ul><\/section><section id=\"legitimacio\"><h2>4. Durant quant de temps es conserven les dades?<\/h2><p>Les dades personals es conserven durant el temps que sigui necessari per a prestar el servei sol\u00b7licitat o atendre la consulta que s\u2019ha fet. Un cop transcorregut aquest termini i tramitades totes les accions necess\u00e0ries per gestionar i donar per conclosa qualsevol obligaci\u00f3 que pugui quedar romanent entre les parts, es procedeix a l&#8217;eliminaci\u00f3 de les dades personals.<\/p><p>Sense perjudici del que s\u2019ha indicat anteriorment, les dades es conservaran degudament bloquejades mentre puguin derivar responsabilitats de l&#8217;execuci\u00f3 de la relaci\u00f3 comercial, contractual o precontractual existent entre l&#8217;Usuari i el Centre Comercial, i tamb\u00e9 per al compliment d&#8217;altres obligacions legals a c\u00e0rrec del Centre Comercial.<\/p><\/section><section id=\"destinataris\"><h2>5. A quins destinataris es comuniquen les dades?<\/h2><p>El Centre Comercial pot comunicar les dades personals a les autoritats p\u00fabliques, reguladores o \u00f2rgans governamentals o jurisdiccionals en els sup\u00f2sits en qu\u00e8 es vegi obligat a fer-ho per llei, normativa local o en el compliment d&#8217;obligacions regulat\u00f2ries, com tamb\u00e9 als diferents arrendataris del Centre Comercial (botigues del Centre Comercial) per tal de gestionar la candidatura a una oferta de feina o la candidatura espont\u00e0nia als llocs de treball que les diferents empreses situades al Centre Comercial, ofereixen, sempre que l&#8217;Usuari ho hagi consentit en el moment de lliurament del seu CV.<\/p><p>D&#8217;altra banda, el Centre Comercial mant\u00e9 acords amb tercers per tal de posar a disposici\u00f3 dels Usuaris diferents serveis, com ara el servei de Personal Shopper. Els acords amb tercers i, per tant, els Serveis de Tercers, poden variar en funci\u00f3 del Centre Comercial. Aquests serveis els presta directament un tercer ali\u00e8 al Centre Comercial de manera que, si l&#8217;Usuari sol\u00b7licita un Servei de tercers ofert a trav\u00e9s de la plataforma, les dades personals que faciliti mitjan\u00e7ant la complementaci\u00f3 del formulari corresponent se cediran al prove\u00efdor tercer del servei per tal de facilitar la gesti\u00f3 i la prestaci\u00f3 del servei sol\u00b7licitat, i perqu\u00e8 el tercer rl pugui identificar com a Usuari del Centre Comercial. Aquesta cessi\u00f3 resulta, per tant, necess\u00e0ria i \u00e9s la base que legitima l&#8217;inter\u00e8s leg\u00edtim del Centre Comercial de gestionar la relaci\u00f3 existent amb els tercers. El tractament de les vostres dades per part d&#8217;aquest tercer es dur\u00e0 a terme sota la seva responsabilitat exclusiva i d&#8217;acord amb el que estableix la seva Ppol\u00edtica de privadesa i les condicions de contractaci\u00f3. Per conseg\u00fcent, els dits tercers s\u00f3n els responsables del tractament de les dades cedides, com tamb\u00e9 de la resta de dades que els Usuaris els facilitin directament. Aix\u00ed mateix, els dits tercers han de respondre de qualsevol responsabilitat que pugui derivar de la prestaci\u00f3 dels seus serveis.<\/p><p>Al marge de les comunicacions de dades anteriors, el Centre Comercial compta amb la col\u00b7laboraci\u00f3 d&#8217;alguns tercers prove\u00efdors de serveis que tenen acc\u00e9s a les dades personals i que tracten les dades en nom i per compte del Centre Comercial com a conseq\u00fc\u00e8ncia d&#8217;una prestaci\u00f3 de serveis<\/p><p>El Centre Comercial segueix uns criteris estrictes de selecci\u00f3 de prove\u00efdors de serveis per tal de complir les seves obligacions en mat\u00e8ria de protecci\u00f3 de dades i subscriu amb aquests el contracte de tractament de dades corresponent.<\/p><\/section><section id=\"drets\"><h2>6. Quins s\u00f3n els drets dels Usuaris quan faciliten les seves dades personals?<\/h2><p>L&#8217;Usuari pot exercir el seu dret d&#8217;acc\u00e9s a les dades personals, com tamb\u00e9 sol\u00b7licitar la rectificaci\u00f3 de les dades inexactes o, si \u00e9s el cas, la cancel\u00b7laci\u00f3. Tamb\u00e9 pot sol\u00b7licitar la limitaci\u00f3, la portabilitat i l&#8217;oposici\u00f3 al tractament de les seves dades.<\/p><p>Aix\u00ed mateix, l&#8217;Usuari t\u00e9 dret a revocar en qualsevol moment el consentiment que ha prestat, sense que aix\u00f2 afecti de manera retroactiva el tractament de dades personals que s\u2019ha fet fins aleshores.<\/p><p>L&#8217;Usuari pot exercir els drets indicats anteriorment en els termes i les condicions que preveu la legislaci\u00f3 vigent al domicili social del Centre Comercial o sol\u00b7licitar-ho mitjan\u00e7ant correu electr\u00f2nic a l&#8217;adre\u00e7a indicada a la taula inclosa a l&#8217;apartat &#8220;Qui \u00e9s el responsable del tractament de les dades personals?&#8221;, d&#8217;aquesta Pol\u00edtica de privadesa.<\/p><p>Quan ho consideri oport\u00fa, especialment en el cas que no obtingui una resposta satisfact\u00f2ria, pot formular una reclamaci\u00f3 davant l&#8217;Ag\u00e8ncia Espanyola de Protecci\u00f3 de Dades (<a href=\"https:\/\/www.aepd.es\" target=\"_blank\" rel=\"noopener\">www.aepd.es<\/a> &#8211; C\/ Jorge Juan, 6 de Madrid).<\/p><\/section><section><h2>7. Contacteu amb el Centre Comercial<\/h2><p>Si teniu dubtes o q\u00fcestions respecte del tractament de dades personals que fa el Centre Comercial, podeu adre\u00e7ar-vos per escrit a l&#8217;adre\u00e7a postal o a l&#8217;adre\u00e7a electr\u00f2nica indicades a la taula inclosa a l&#8217;apartat &#8220;Qui \u00e9s el responsable del Tractament de les dades personals?&#8221; d&#8217;aquesta Pol\u00edtica de privadesa.<\/p><p>\u00a9 2021 Centre Comercial. Tots els drets reservats.<\/p><p>Darrera actualitzaci\u00f3: febrer de 2021<\/p><\/section><\/div>\t\t\t\t\t\t\t\t<\/div>\n\t\t\t\t<\/div>\n\t\t\t\t\t<\/div>\n\t\t<\/div>\n\t\t\t\t\t<\/div>\n\t\t<\/section>\n\t\t\t\t<div class=\"elementor-element elementor-element-3b739ec7 elementor-widget elementor-widget-spacer\" data-id=\"3b739ec7\" data-element_type=\"widget\" data-e-type=\"widget\" data-widget_type=\"spacer.default\">\n\t\t\t\t<div class=\"elementor-widget-container\">\n\t\t\t\t\t\t\t<div class=\"elementor-spacer\">\n\t\t\t<div class=\"elementor-spacer-inner\"><\/div>\n\t\t<\/div>\n\t\t\t\t\t\t<\/div>\n\t\t\t\t<\/div>\n\t\t\t\t\t<\/div>\n\t\t<\/div>\n\t\t\t\t\t<\/div>\n\t\t<\/section>\n\t\t\t\t<\/div>\n\t\t","protected":false},"excerpt":{"rendered":"<p>Pol\u00edtica de privacitat WEB\/APP\/WIFI CENTRE COMERCIAL Informaci\u00f3 b\u00e0sica sobre protecci\u00f3 de dades Responsable El Centre Comercial \u2013 Vegeu taula \u201cInformaci\u00f3 General\u201d M\u00e9s info Finalitat Les indicades<span class=\"excerpt-hellip\"> [\u2026]<\/span><\/p>\n","protected":false},"author":1,"featured_media":0,"parent":0,"menu_order":0,"comment_status":"closed","ping_status":"closed","template":"","meta":{"footnotes":""},"class_list":["post-842","page","type-page","status-publish","hentry"],"publishpress_future_workflow_manual_trigger":{"enabledWorkflows":[]},"_links":{"self":[{"href":"https:\/\/www.lafiracentrecomercial.com\/ca\/wp-json\/wp\/v2\/pages\/842","targetHints":{"allow":["GET"]}}],"collection":[{"href":"https:\/\/www.lafiracentrecomercial.com\/ca\/wp-json\/wp\/v2\/pages"}],"about":[{"href":"https:\/\/www.lafiracentrecomercial.com\/ca\/wp-json\/wp\/v2\/types\/page"}],"author":[{"embeddable":true,"href":"https:\/\/www.lafiracentrecomercial.com\/ca\/wp-json\/wp\/v2\/users\/1"}],"replies":[{"embeddable":true,"href":"https:\/\/www.lafiracentrecomercial.com\/ca\/wp-json\/wp\/v2\/comments?post=842"}],"version-history":[{"count":4,"href":"https:\/\/www.lafiracentrecomercial.com\/ca\/wp-json\/wp\/v2\/pages\/842\/revisions"}],"predecessor-version":[{"id":846,"href":"https:\/\/www.lafiracentrecomercial.com\/ca\/wp-json\/wp\/v2\/pages\/842\/revisions\/846"}],"wp:attachment":[{"href":"https:\/\/www.lafiracentrecomercial.com\/ca\/wp-json\/wp\/v2\/media?parent=842"}],"curies":[{"name":"wp","href":"https:\/\/api.w.org\/{rel}","templated":true}]}}