{"id":3240,"date":"2023-07-27T07:24:22","date_gmt":"2023-07-27T07:24:22","guid":{"rendered":"https:\/\/www.lafiracentrecomercial.com\/?post_type=portfolio&#038;p=3240"},"modified":"2024-09-10T07:56:01","modified_gmt":"2024-09-10T07:56:01","slug":"drac-nam","status":"publish","type":"portfolio","link":"https:\/\/www.lafiracentrecomercial.com\/ca\/portfolio-item\/drac-nam\/","title":{"rendered":"Drac \u00d1am"},"content":{"rendered":"\t\t<div data-elementor-type=\"wp-post\" data-elementor-id=\"3240\" class=\"elementor elementor-3240\">\n\t\t\t\t\t\t<section class=\"elementor-section elementor-top-section elementor-element elementor-element-4600cb8e elementor-section-boxed elementor-section-height-default elementor-section-height-default\" data-id=\"4600cb8e\" data-element_type=\"section\" data-e-type=\"section\">\n\t\t\t\t\t\t<div class=\"elementor-container elementor-column-gap-default\">\n\t\t\t\t\t<div class=\"elementor-column elementor-col-100 elementor-top-column elementor-element elementor-element-54ac51b4\" data-id=\"54ac51b4\" data-element_type=\"column\" data-e-type=\"column\">\n\t\t\t<div class=\"elementor-widget-wrap elementor-element-populated\">\n\t\t\t\t\t\t<div class=\"elementor-element elementor-element-a0d6312 elementor-widget elementor-widget-heading\" data-id=\"a0d6312\" data-element_type=\"widget\" data-e-type=\"widget\" data-widget_type=\"heading.default\">\n\t\t\t\t<div class=\"elementor-widget-container\">\n\t\t\t\t\t<h1 class=\"elementor-heading-title elementor-size-default\">Drac \u00d1am<\/h1>\t\t\t\t<\/div>\n\t\t\t\t<\/div>\n\t\t\t\t<div class=\"elementor-element elementor-element-8f0e16f elementor-widget elementor-widget-spacer\" data-id=\"8f0e16f\" data-element_type=\"widget\" data-e-type=\"widget\" data-widget_type=\"spacer.default\">\n\t\t\t\t<div class=\"elementor-widget-container\">\n\t\t\t\t\t\t\t<div class=\"elementor-spacer\">\n\t\t\t<div class=\"elementor-spacer-inner\"><\/div>\n\t\t<\/div>\n\t\t\t\t\t\t<\/div>\n\t\t\t\t<\/div>\n\t\t\t\t<section class=\"elementor-section elementor-inner-section elementor-element elementor-element-5279239 elementor-section-boxed elementor-section-height-default elementor-section-height-default\" data-id=\"5279239\" data-element_type=\"section\" data-e-type=\"section\">\n\t\t\t\t\t\t<div class=\"elementor-container elementor-column-gap-default\">\n\t\t\t\t\t<div class=\"elementor-column elementor-col-50 elementor-inner-column elementor-element elementor-element-c40197a\" data-id=\"c40197a\" data-element_type=\"column\" data-e-type=\"column\">\n\t\t\t<div class=\"elementor-widget-wrap elementor-element-populated\">\n\t\t\t\t\t\t<div class=\"elementor-element elementor-element-f1e7c9e elementor-position-inline-start elementor-view-default elementor-mobile-position-block-start elementor-widget elementor-widget-icon-box\" data-id=\"f1e7c9e\" data-element_type=\"widget\" data-e-type=\"widget\" data-widget_type=\"icon-box.default\">\n\t\t\t\t<div class=\"elementor-widget-container\">\n\t\t\t\t\t\t\t<div class=\"elementor-icon-box-wrapper\">\n\n\t\t\t\t\t\t<div class=\"elementor-icon-box-icon\">\n\t\t\t\t<span  class=\"elementor-icon\">\n\t\t\t\t<i aria-hidden=\"true\" class=\"fas fa-map-marker-alt\"><\/i>\t\t\t\t<\/span>\n\t\t\t<\/div>\n\t\t\t\n\t\t\t\t\t\t<div class=\"elementor-icon-box-content\">\n\n\t\t\t\t\t\t\t\t\t<h4 class=\"elementor-icon-box-title\">\n\t\t\t\t\t\t<span  >\n\t\t\t\t\t\t\tPlanta 2\t\t\t\t\t\t<\/span>\n\t\t\t\t\t<\/h4>\n\t\t\t\t\n\t\t\t\t\n\t\t\t<\/div>\n\t\t\t\n\t\t<\/div>\n\t\t\t\t\t\t<\/div>\n\t\t\t\t<\/div>\n\t\t\t\t<div class=\"elementor-element elementor-element-8e98ef8 elementor-widget elementor-widget-text-editor\" data-id=\"8e98ef8\" data-element_type=\"widget\" data-e-type=\"widget\" data-widget_type=\"text-editor.default\">\n\t\t\t\t<div class=\"elementor-widget-container\">\n\t\t\t\t\t\t\t\t\t<p>L&#8217;emblem\u00e0tica croissanteria de la ciutat torna despr\u00e9s de m\u00e9s de deu anys a La Fira Centre Comercial. La nova marca, que obre les portes el proper 28 de juliol, estar\u00e0 situada a la planta 2 del centre comercial i oferir\u00e0 tot tipus de piscolabis dol\u00e7os i salats.<\/p>\t\t\t\t\t\t\t\t<\/div>\n\t\t\t\t<\/div>\n\t\t\t\t<div class=\"elementor-element elementor-element-b8fc33d elementor-widget elementor-widget-image\" data-id=\"b8fc33d\" data-element_type=\"widget\" data-e-type=\"widget\" data-widget_type=\"image.default\">\n\t\t\t\t<div class=\"elementor-widget-container\">\n\t\t\t\t\t\t\t\t\t\t\t\t\t\t\t<img fetchpriority=\"high\" decoding=\"async\" width=\"600\" height=\"295\" src=\"https:\/\/www.lafiracentrecomercial.com\/wp-content\/uploads\/2023\/07\/Logo-DRAC-NAM.webp\" class=\"attachment-large size-large wp-image-3242\" alt=\"LOGO DRAC \u00d1AM\" srcset=\"https:\/\/www.lafiracentrecomercial.com\/wp-content\/uploads\/2023\/07\/Logo-DRAC-NAM.webp 600w, https:\/\/www.lafiracentrecomercial.com\/wp-content\/uploads\/2023\/07\/Logo-DRAC-NAM-500x246.webp 500w, https:\/\/www.lafiracentrecomercial.com\/wp-content\/uploads\/2023\/07\/Logo-DRAC-NAM-300x148.webp 300w, https:\/\/www.lafiracentrecomercial.com\/wp-content\/uploads\/2023\/07\/Logo-DRAC-NAM-150x75.webp 150w, https:\/\/www.lafiracentrecomercial.com\/wp-content\/uploads\/2023\/07\/Logo-DRAC-NAM-480x236.webp 480w\" sizes=\"(max-width:767px) 480px, 600px\" \/>\t\t\t\t\t\t\t\t\t\t\t\t\t\t\t<\/div>\n\t\t\t\t<\/div>\n\t\t\t\t\t<\/div>\n\t\t<\/div>\n\t\t\t\t<div class=\"elementor-column elementor-col-50 elementor-inner-column elementor-element elementor-element-42bb245\" data-id=\"42bb245\" data-element_type=\"column\" data-e-type=\"column\">\n\t\t\t<div class=\"elementor-widget-wrap elementor-element-populated\">\n\t\t\t\t\t\t<div class=\"elementor-element elementor-element-63bdc11 elementor-widget elementor-widget-image\" data-id=\"63bdc11\" data-element_type=\"widget\" data-e-type=\"widget\" data-widget_type=\"image.default\">\n\t\t\t\t<div class=\"elementor-widget-container\">\n\t\t\t\t\t\t\t\t\t\t\t\t\t\t\t<img decoding=\"async\" width=\"1200\" height=\"806\" src=\"https:\/\/www.lafiracentrecomercial.com\/wp-content\/uploads\/2023\/07\/07-Mapa-DRAC-1200x806.webp\" class=\"attachment-large size-large wp-image-3254\" alt=\"MAPA DRAC \u00d1AM\" srcset=\"https:\/\/www.lafiracentrecomercial.com\/wp-content\/uploads\/2023\/07\/07-Mapa-DRAC-1200x806.webp 1200w, https:\/\/www.lafiracentrecomercial.com\/wp-content\/uploads\/2023\/07\/07-Mapa-DRAC-500x336.webp 500w, https:\/\/www.lafiracentrecomercial.com\/wp-content\/uploads\/2023\/07\/07-Mapa-DRAC-300x202.webp 300w, https:\/\/www.lafiracentrecomercial.com\/wp-content\/uploads\/2023\/07\/07-Mapa-DRAC-768x516.webp 768w, https:\/\/www.lafiracentrecomercial.com\/wp-content\/uploads\/2023\/07\/07-Mapa-DRAC-112x75.webp 112w, https:\/\/www.lafiracentrecomercial.com\/wp-content\/uploads\/2023\/07\/07-Mapa-DRAC-480x322.webp 480w, https:\/\/www.lafiracentrecomercial.com\/wp-content\/uploads\/2023\/07\/07-Mapa-DRAC.webp 1459w\" sizes=\"(max-width:767px) 480px, (max-width:1200px) 100vw, 1200px\" \/>\t\t\t\t\t\t\t\t\t\t\t\t\t\t\t<\/div>\n\t\t\t\t<\/div>\n\t\t\t\t\t<\/div>\n\t\t<\/div>\n\t\t\t\t\t<\/div>\n\t\t<\/section>\n\t\t\t\t\t<\/div>\n\t\t<\/div>\n\t\t\t\t\t<\/div>\n\t\t<\/section>\n\t\t\t\t<section class=\"elementor-section elementor-top-section elementor-element elementor-element-758c894 elementor-section-boxed elementor-section-height-default elementor-section-height-default\" data-id=\"758c894\" data-element_type=\"section\" data-e-type=\"section\">\n\t\t\t\t\t\t<div class=\"elementor-container elementor-column-gap-default\">\n\t\t\t\t\t<div class=\"elementor-column elementor-col-100 elementor-top-column elementor-element elementor-element-f20acff\" data-id=\"f20acff\" data-element_type=\"column\" data-e-type=\"column\">\n\t\t\t<div class=\"elementor-widget-wrap elementor-element-populated\">\n\t\t\t\t\t\t<div class=\"elementor-element elementor-element-833d3c0 elementor-widget elementor-widget-text-editor\" data-id=\"833d3c0\" data-element_type=\"widget\" data-e-type=\"widget\" data-widget_type=\"text-editor.default\">\n\t\t\t\t<div class=\"elementor-widget-container\">\n\t\t\t\t\t\t\t\t\t<p><a href=\"http:\/\/www.lafiracentrecomercial.com\/restauracio\/\">&lt; Tornar a Restauraci\u00f3<\/a><\/p>\t\t\t\t\t\t\t\t<\/div>\n\t\t\t\t<\/div>\n\t\t\t\t\t<\/div>\n\t\t<\/div>\n\t\t\t\t\t<\/div>\n\t\t<\/section>\n\t\t\t\t<section class=\"elementor-section elementor-top-section elementor-element elementor-element-d78df0b elementor-section-boxed elementor-section-height-default elementor-section-height-default\" data-id=\"d78df0b\" data-element_type=\"section\" data-e-type=\"section\">\n\t\t\t\t\t\t<div class=\"elementor-container elementor-column-gap-default\">\n\t\t\t\t\t<div class=\"elementor-column elementor-col-100 elementor-top-column elementor-element elementor-element-c678432\" data-id=\"c678432\" data-element_type=\"column\" data-e-type=\"column\">\n\t\t\t<div class=\"elementor-widget-wrap elementor-element-populated\">\n\t\t\t\t\t\t<div class=\"elementor-element elementor-element-659286e elementor-arrows-position-inside elementor-widget elementor-widget-image-carousel\" data-id=\"659286e\" data-element_type=\"widget\" data-e-type=\"widget\" data-settings=\"{&quot;navigation&quot;:&quot;arrows&quot;,&quot;autoplay&quot;:&quot;yes&quot;,&quot;pause_on_hover&quot;:&quot;yes&quot;,&quot;pause_on_interaction&quot;:&quot;yes&quot;,&quot;autoplay_speed&quot;:5000,&quot;infinite&quot;:&quot;yes&quot;,&quot;speed&quot;:500}\" data-widget_type=\"image-carousel.default\">\n\t\t\t\t<div class=\"elementor-widget-container\">\n\t\t\t\t\t\t\t<div class=\"elementor-image-carousel-wrapper swiper\" role=\"region\" aria-roledescription=\"carousel\" aria-label=\"Carrusel d&#039;imatges\" dir=\"ltr\">\n\t\t\t<div class=\"elementor-image-carousel swiper-wrapper\" aria-live=\"off\">\n\t\t\t\t\t\t\t\t<div class=\"swiper-slide\" role=\"group\" aria-roledescription=\"slide\" aria-label=\"1 de 1\"><figure class=\"swiper-slide-inner\"><img decoding=\"async\" class=\"swiper-slide-image\" src=\"https:\/\/www.lafiracentrecomercial.com\/wp-content\/uploads\/2023\/07\/Fotos-Drac-300x188.webp\" alt=\"Fotos Drac\" \/><\/figure><\/div>\t\t\t<\/div>\n\t\t\t\t\t<\/div>\n\t\t\t\t\t\t<\/div>\n\t\t\t\t<\/div>\n\t\t\t\t\t<\/div>\n\t\t<\/div>\n\t\t\t\t\t<\/div>\n\t\t<\/section>\n\t\t\t\t<\/div>\n\t\t","protected":false},"excerpt":{"rendered":"<p>Drac \u00d1am Planta 2 L&#8217;emblem\u00e0tica croissanteria de la ciutat torna despr\u00e9s de m\u00e9s de deu anys a La Fira Centre Comercial. La nova marca, que obre<span class=\"excerpt-hellip\"> [\u2026]<\/span><\/p>\n","protected":false},"author":2,"featured_media":3242,"menu_order":0,"comment_status":"closed","ping_status":"closed","template":"","meta":[],"portfolio-types":[54],"class_list":["post-3240","portfolio","type-portfolio","status-publish","has-post-thumbnail","hentry","portfolio-types-restauracio"],"featured_img_url":"https:\/\/www.lafiracentrecomercial.com\/wp-content\/uploads\/2023\/07\/Logo-DRAC-NAM.webp","custom_meta":{"contentDirectorios":"","planta":"4","local":"7","idTienda":""},"publishpress_future_action":{"enabled":false,"date":"2026-05-07 13:46:50","action":"change-status","newStatus":"draft","terms":[],"taxonomy":"portfolio-types","extraData":[]},"publishpress_future_workflow_manual_trigger":{"enabledWorkflows":[]},"_links":{"self":[{"href":"https:\/\/www.lafiracentrecomercial.com\/ca\/wp-json\/wp\/v2\/portfolio\/3240","targetHints":{"allow":["GET"]}}],"collection":[{"href":"https:\/\/www.lafiracentrecomercial.com\/ca\/wp-json\/wp\/v2\/portfolio"}],"about":[{"href":"https:\/\/www.lafiracentrecomercial.com\/ca\/wp-json\/wp\/v2\/types\/portfolio"}],"author":[{"embeddable":true,"href":"https:\/\/www.lafiracentrecomercial.com\/ca\/wp-json\/wp\/v2\/users\/2"}],"replies":[{"embeddable":true,"href":"https:\/\/www.lafiracentrecomercial.com\/ca\/wp-json\/wp\/v2\/comments?post=3240"}],"version-history":[{"count":16,"href":"https:\/\/www.lafiracentrecomercial.com\/ca\/wp-json\/wp\/v2\/portfolio\/3240\/revisions"}],"predecessor-version":[{"id":3300,"href":"https:\/\/www.lafiracentrecomercial.com\/ca\/wp-json\/wp\/v2\/portfolio\/3240\/revisions\/3300"}],"wp:featuredmedia":[{"embeddable":true,"href":"https:\/\/www.lafiracentrecomercial.com\/ca\/wp-json\/wp\/v2\/media\/3242"}],"wp:attachment":[{"href":"https:\/\/www.lafiracentrecomercial.com\/ca\/wp-json\/wp\/v2\/media?parent=3240"}],"wp:term":[{"taxonomy":"portfolio-types","embeddable":true,"href":"https:\/\/www.lafiracentrecomercial.com\/ca\/wp-json\/wp\/v2\/portfolio-types?post=3240"}],"curies":[{"name":"wp","href":"https:\/\/api.w.org\/{rel}","templated":true}]}}